{"version":"1.0","provider_name":"Municipio de Oro Verde","provider_url":"https:\/\/oroverde.gob.ar\/portal","author_name":"Soledad","author_url":"https:\/\/oroverde.gob.ar\/portal\/author\/soledad\/","title":"Finaliz\u00f3 la capacitaci\u00f3n sobre consumos problem\u00e1ticos - Municipio de Oro Verde","type":"rich","width":600,"height":338,"html":"<blockquote class=\"wp-embedded-content\" data-secret=\"jzjCYJGzNx\"><a href=\"https:\/\/oroverde.gob.ar\/portal\/finalizo-la-capacitacion-sobre-consumos-problematicos\/\">Finaliz\u00f3 la capacitaci\u00f3n sobre consumos problem\u00e1ticos<\/a><\/blockquote><iframe sandbox=\"allow-scripts\" security=\"restricted\" src=\"https:\/\/oroverde.gob.ar\/portal\/finalizo-la-capacitacion-sobre-consumos-problematicos\/embed\/#?secret=jzjCYJGzNx\" width=\"600\" height=\"338\" title=\"\u00abFinaliz\u00f3 la capacitaci\u00f3n sobre consumos problem\u00e1ticos\u00bb \u2014 Municipio de Oro Verde\" data-secret=\"jzjCYJGzNx\" frameborder=\"0\" marginwidth=\"0\" marginheight=\"0\" scrolling=\"no\" class=\"wp-embedded-content\"><\/iframe><script>\n\/*! This file is auto-generated *\/\n!function(d,l){\"use strict\";l.querySelector&&d.addEventListener&&\"undefined\"!=typeof URL&&(d.wp=d.wp||{},d.wp.receiveEmbedMessage||(d.wp.receiveEmbedMessage=function(e){var t=e.data;if((t||t.secret||t.message||t.value)&&!\/[^a-zA-Z0-9]\/.test(t.secret)){for(var s,r,n,a=l.querySelectorAll('iframe[data-secret=\"'+t.secret+'\"]'),o=l.querySelectorAll('blockquote[data-secret=\"'+t.secret+'\"]'),c=new RegExp(\"^https?:$\",\"i\"),i=0;i<o.length;i++)o[i].style.display=\"none\";for(i=0;i<a.length;i++)s=a[i],e.source===s.contentWindow&&(s.removeAttribute(\"style\"),\"height\"===t.message?(1e3<(r=parseInt(t.value,10))?r=1e3:~~r<200&&(r=200),s.height=r):\"link\"===t.message&&(r=new URL(s.getAttribute(\"src\")),n=new URL(t.value),c.test(n.protocol))&&n.host===r.host&&l.activeElement===s&&(d.top.location.href=t.value))}},d.addEventListener(\"message\",d.wp.receiveEmbedMessage,!1),l.addEventListener(\"DOMContentLoaded\",function(){for(var e,t,s=l.querySelectorAll(\"iframe.wp-embedded-content\"),r=0;r<s.length;r++)(t=(e=s[r]).getAttribute(\"data-secret\"))||(t=Math.random().toString(36).substring(2,12),e.src+=\"#?secret=\"+t,e.setAttribute(\"data-secret\",t)),e.contentWindow.postMessage({message:\"ready\",secret:t},\"*\")},!1)))}(window,document);\n\/\/# sourceURL=https:\/\/oroverde.gob.ar\/portal\/wp-includes\/js\/wp-embed.min.js\n<\/script>\n","thumbnail_url":"https:\/\/oroverde.gob.ar\/portal\/wp-content\/uploads\/2025\/05\/consumos-problematicos-scaled.jpg","thumbnail_width":2560,"thumbnail_height":1708,"description":"El Programa de Capacitaci\u00f3n de Adicciones, dependiente de la Direcci\u00f3n de prevenci\u00f3n y Control de Adicciones de la Provincia de Entre R\u00edos finaliz\u00f3 en Oro Verde la capacitaci\u00f3n sobre consumos problem\u00e1ticos, destinada principalmente a referentes de instituciones locales. Estuvo a cargo del director &hellip;"}