{"id":6864,"date":"2025-09-18T08:55:17","date_gmt":"2025-09-18T11:55:17","guid":{"rendered":"https:\/\/oroverde.gob.ar\/portal\/?page_id=6864"},"modified":"2026-04-08T08:08:08","modified_gmt":"2026-04-08T11:08:08","slug":"principal","status":"publish","type":"page","link":"https:\/\/oroverde.gob.ar\/portal\/","title":{"rendered":"Principal"},"content":{"rendered":"\t\t<div data-elementor-type=\"wp-page\" data-elementor-id=\"6864\" class=\"elementor elementor-6864\">\n\t\t\t\t<div class=\"elementor-element elementor-element-48c824d e-con-full e-flex e-con e-parent\" data-id=\"48c824d\" data-element_type=\"container\" data-e-type=\"container\">\n\t\t\t\t<div class=\"elementor-element elementor-element-3009a6e elementor-widget elementor-widget-image\" data-id=\"3009a6e\" data-element_type=\"widget\" data-e-type=\"widget\" data-widget_type=\"image.default\">\n\t\t\t\t<div class=\"elementor-widget-container\">\n\t\t\t\t\t\t\t\t\t\t\t\t\t\t\t\t<a href=\"https:\/\/oroverde.gob.ar\/portal\/turismo-portada\/\">\n\t\t\t\t\t\t\t<img fetchpriority=\"high\" decoding=\"async\" width=\"2021\" height=\"748\" src=\"https:\/\/oroverde.gob.ar\/portal\/wp-content\/uploads\/2026\/04\/Portada-de-Facebook-Promocion-Turismo-Organico-Azul-y-Blanco.jpg\" class=\"attachment-full size-full wp-image-8322\" alt=\"\" srcset=\"https:\/\/oroverde.gob.ar\/portal\/wp-content\/uploads\/2026\/04\/Portada-de-Facebook-Promocion-Turismo-Organico-Azul-y-Blanco.jpg 2021w, https:\/\/oroverde.gob.ar\/portal\/wp-content\/uploads\/2026\/04\/Portada-de-Facebook-Promocion-Turismo-Organico-Azul-y-Blanco-300x111.jpg 300w, https:\/\/oroverde.gob.ar\/portal\/wp-content\/uploads\/2026\/04\/Portada-de-Facebook-Promocion-Turismo-Organico-Azul-y-Blanco-1024x379.jpg 1024w, https:\/\/oroverde.gob.ar\/portal\/wp-content\/uploads\/2026\/04\/Portada-de-Facebook-Promocion-Turismo-Organico-Azul-y-Blanco-768x284.jpg 768w, https:\/\/oroverde.gob.ar\/portal\/wp-content\/uploads\/2026\/04\/Portada-de-Facebook-Promocion-Turismo-Organico-Azul-y-Blanco-1536x568.jpg 1536w, https:\/\/oroverde.gob.ar\/portal\/wp-content\/uploads\/2026\/04\/Portada-de-Facebook-Promocion-Turismo-Organico-Azul-y-Blanco-535x198.jpg 535w\" sizes=\"(max-width: 2021px) 100vw, 2021px\" \/>\t\t\t\t\t\t\t\t<\/a>\n\t\t\t\t\t\t\t\t\t\t\t\t\t\t\t<\/div>\n\t\t\t\t<\/div>\n\t\t\t\t<\/div>\n\t\t<div class=\"elementor-element elementor-element-c5492b1 e-con-full e-flex e-con e-parent\" data-id=\"c5492b1\" data-element_type=\"container\" data-e-type=\"container\">\n\t\t\t\t<div class=\"elementor-element elementor-element-47ea091 elementor-hidden-desktop elementor-hidden-tablet elementor-hidden-mobile elementor-widget elementor-widget-image\" data-id=\"47ea091\" data-element_type=\"widget\" data-e-type=\"widget\" data-widget_type=\"image.default\">\n\t\t\t\t<div class=\"elementor-widget-container\">\n\t\t\t\t\t\t\t\t\t\t\t\t\t\t\t\t<a href=\"https:\/\/oroverde.gob.ar\/portal\/wp-content\/uploads\/2026\/03\/DISCURSO-Ano-2026.pdf\" target=\"_blank\">\n\t\t\t\t\t\t\t<img decoding=\"async\" width=\"1920\" height=\"400\" data-src=\"https:\/\/oroverde.gob.ar\/portal\/wp-content\/uploads\/2026\/03\/memoria-actuado.png\" class=\"attachment-full size-full wp-image-8094 lazyload\" alt=\"\" data-srcset=\"https:\/\/oroverde.gob.ar\/portal\/wp-content\/uploads\/2026\/03\/memoria-actuado.png 1920w, https:\/\/oroverde.gob.ar\/portal\/wp-content\/uploads\/2026\/03\/memoria-actuado-300x63.png 300w, https:\/\/oroverde.gob.ar\/portal\/wp-content\/uploads\/2026\/03\/memoria-actuado-1024x213.png 1024w, https:\/\/oroverde.gob.ar\/portal\/wp-content\/uploads\/2026\/03\/memoria-actuado-768x160.png 768w, https:\/\/oroverde.gob.ar\/portal\/wp-content\/uploads\/2026\/03\/memoria-actuado-1536x320.png 1536w, https:\/\/oroverde.gob.ar\/portal\/wp-content\/uploads\/2026\/03\/memoria-actuado-535x111.png 535w\" data-sizes=\"(max-width: 1920px) 100vw, 1920px\" src=\"data:image\/svg+xml;base64,PHN2ZyB3aWR0aD0iMSIgaGVpZ2h0PSIxIiB4bWxucz0iaHR0cDovL3d3dy53My5vcmcvMjAwMC9zdmciPjwvc3ZnPg==\" style=\"--smush-placeholder-width: 1920px; --smush-placeholder-aspect-ratio: 1920\/400;\" \/>\t\t\t\t\t\t\t\t<\/a>\n\t\t\t\t\t\t\t\t\t\t\t\t\t\t\t<\/div>\n\t\t\t\t<\/div>\n\t\t\t\t<\/div>\n\t\t<div class=\"elementor-element elementor-element-a642fc0 e-con-full e-flex e-con e-parent\" data-id=\"a642fc0\" data-element_type=\"container\" data-e-type=\"container\">\n\t\t\t\t<div class=\"elementor-element elementor-element-2d9a359 elementor-grid-eael-col-3 elementor-grid-tablet-eael-col-2 elementor-grid-mobile-eael-col-1 elementor-widget elementor-widget-eael-post-grid\" data-id=\"2d9a359\" data-element_type=\"widget\" data-e-type=\"widget\" data-settings=\"{&quot;eael_post_grid_columns&quot;:&quot;eael-col-3&quot;,&quot;eael_post_grid_columns_tablet&quot;:&quot;eael-col-2&quot;,&quot;eael_post_grid_columns_mobile&quot;:&quot;eael-col-1&quot;}\" data-widget_type=\"eael-post-grid.default\">\n\t\t\t\t<div class=\"elementor-widget-container\">\n\t\t\t\t\t<div id=\"eael-post-grid-2d9a359\" class=\"eael-post-grid-container\">\n            <div class=\"eael-post-grid eael-post-appender eael-post-appender-2d9a359 eael-post-grid-style-two\" data-layout-mode=\"masonry\"><article class=\"eael-grid-post  eael-post-grid-column eael-pg-post-8469 category-municipio\" data-id=\"8469\">\n    <div class=\"eael-grid-post-holder\">\n        <div class=\"eael-grid-post-holder-inner\"><div class=\"eael-entry-media\"><div class=\"eael-entry-overlay zoom-in\"><i class=\"fas fa-plus\" aria-hidden=\"true\"><\/i><a href=\"https:\/\/oroverde.gob.ar\/portal\/aclaracion-del-gobierno-municipal-acerca-del-proyecto-del-parque-ambiental\/\"><\/a><\/div><div class=\"eael-entry-thumbnail \">\n                            <img decoding=\"async\" width=\"966\" height=\"644\" data-src=\"https:\/\/oroverde.gob.ar\/portal\/wp-content\/uploads\/2026\/04\/Cesar-Clement-1024x683.jpg\" class=\"attachment-large size-large wp-image-8470 lazyload\" alt=\"\" data-srcset=\"https:\/\/oroverde.gob.ar\/portal\/wp-content\/uploads\/2026\/04\/Cesar-Clement-1024x683.jpg 1024w, https:\/\/oroverde.gob.ar\/portal\/wp-content\/uploads\/2026\/04\/Cesar-Clement-300x200.jpg 300w, https:\/\/oroverde.gob.ar\/portal\/wp-content\/uploads\/2026\/04\/Cesar-Clement-768x512.jpg 768w, https:\/\/oroverde.gob.ar\/portal\/wp-content\/uploads\/2026\/04\/Cesar-Clement-1536x1024.jpg 1536w, https:\/\/oroverde.gob.ar\/portal\/wp-content\/uploads\/2026\/04\/Cesar-Clement-2048x1365.jpg 2048w, https:\/\/oroverde.gob.ar\/portal\/wp-content\/uploads\/2026\/04\/Cesar-Clement-535x357.jpg 535w\" data-sizes=\"(max-width: 966px) 100vw, 966px\" src=\"data:image\/svg+xml;base64,PHN2ZyB3aWR0aD0iMSIgaGVpZ2h0PSIxIiB4bWxucz0iaHR0cDovL3d3dy53My5vcmcvMjAwMC9zdmciPjwvc3ZnPg==\" style=\"--smush-placeholder-width: 966px; --smush-placeholder-aspect-ratio: 966\/644;\" \/>\n                            <\/div>\n                    <\/div><div class=\"eael-entry-wrapper\"><header class=\"eael-entry-header\"><h4 class=\"eael-entry-title\"><a class=\"eael-grid-post-link\" href=\"https:\/\/oroverde.gob.ar\/portal\/aclaracion-del-gobierno-municipal-acerca-del-proyecto-del-parque-ambiental\/\" title=\"Aclaraci\u00f3n del Gobierno municipal acerca del proyecto del Parque Ambiental\">Aclaraci\u00f3n del Gobierno municipal acerca del proyecto del Parque Ambiental<\/a><\/h4><\/header><div class=\"eael-entry-content\">\n                                <div class=\"eael-grid-post-excerpt\"><a href=\"https:\/\/oroverde.gob.ar\/portal\/aclaracion-del-gobierno-municipal-acerca-del-proyecto-del-parque-ambiental\/\" class=\"eael-post-elements-readmore-btn\">AMPLIAR INFORMACI\u00d3N<\/a><\/div>\n                            <\/div><\/div><\/div>\n    <\/div>\n<\/article><article class=\"eael-grid-post  eael-post-grid-column eael-pg-post-8465 category-municipio\" data-id=\"8465\">\n    <div class=\"eael-grid-post-holder\">\n        <div class=\"eael-grid-post-holder-inner\"><div class=\"eael-entry-media\"><div class=\"eael-entry-overlay zoom-in\"><i class=\"fas fa-plus\" aria-hidden=\"true\"><\/i><a href=\"https:\/\/oroverde.gob.ar\/portal\/cocina-para-emprender-un-taller-donde-los-sabores-y-las-tecnicas-se-conjugan-para-ofrecer-una-salida-laboral\/\"><\/a><\/div><div class=\"eael-entry-thumbnail \">\n                            <img decoding=\"async\" width=\"966\" height=\"644\" data-src=\"https:\/\/oroverde.gob.ar\/portal\/wp-content\/uploads\/2026\/04\/DSC04253-1024x683.jpg\" class=\"attachment-large size-large wp-image-8466 lazyload\" alt=\"\" data-srcset=\"https:\/\/oroverde.gob.ar\/portal\/wp-content\/uploads\/2026\/04\/DSC04253-1024x683.jpg 1024w, https:\/\/oroverde.gob.ar\/portal\/wp-content\/uploads\/2026\/04\/DSC04253-300x200.jpg 300w, https:\/\/oroverde.gob.ar\/portal\/wp-content\/uploads\/2026\/04\/DSC04253-768x512.jpg 768w, https:\/\/oroverde.gob.ar\/portal\/wp-content\/uploads\/2026\/04\/DSC04253-1536x1024.jpg 1536w, https:\/\/oroverde.gob.ar\/portal\/wp-content\/uploads\/2026\/04\/DSC04253-2048x1365.jpg 2048w, https:\/\/oroverde.gob.ar\/portal\/wp-content\/uploads\/2026\/04\/DSC04253-535x357.jpg 535w\" data-sizes=\"(max-width: 966px) 100vw, 966px\" src=\"data:image\/svg+xml;base64,PHN2ZyB3aWR0aD0iMSIgaGVpZ2h0PSIxIiB4bWxucz0iaHR0cDovL3d3dy53My5vcmcvMjAwMC9zdmciPjwvc3ZnPg==\" style=\"--smush-placeholder-width: 966px; --smush-placeholder-aspect-ratio: 966\/644;\" \/>\n                            <\/div>\n                    <\/div><div class=\"eael-entry-wrapper\"><header class=\"eael-entry-header\"><h4 class=\"eael-entry-title\"><a class=\"eael-grid-post-link\" href=\"https:\/\/oroverde.gob.ar\/portal\/cocina-para-emprender-un-taller-donde-los-sabores-y-las-tecnicas-se-conjugan-para-ofrecer-una-salida-laboral\/\" title=\"\u00abCocina para emprender\u201d: un taller donde los sabores y las t\u00e9cnicas se conjugan para ofrecer una salida laboral\">\u00abCocina para emprender\u201d: un taller donde los sabores y las t\u00e9cnicas se conjugan para ofrecer una salida laboral<\/a><\/h4><\/header><div class=\"eael-entry-content\">\n                                <div class=\"eael-grid-post-excerpt\"><a href=\"https:\/\/oroverde.gob.ar\/portal\/cocina-para-emprender-un-taller-donde-los-sabores-y-las-tecnicas-se-conjugan-para-ofrecer-una-salida-laboral\/\" class=\"eael-post-elements-readmore-btn\">AMPLIAR INFORMACI\u00d3N<\/a><\/div>\n                            <\/div><\/div><\/div>\n    <\/div>\n<\/article><article class=\"eael-grid-post  eael-post-grid-column eael-pg-post-8462 category-municipio\" data-id=\"8462\">\n    <div class=\"eael-grid-post-holder\">\n        <div class=\"eael-grid-post-holder-inner\"><div class=\"eael-entry-media\"><div class=\"eael-entry-overlay zoom-in\"><i class=\"fas fa-plus\" aria-hidden=\"true\"><\/i><a href=\"https:\/\/oroverde.gob.ar\/portal\/taller-las-violencias-como-problematica-de-salud\/\"><\/a><\/div><div class=\"eael-entry-thumbnail \">\n                            <img decoding=\"async\" width=\"966\" height=\"644\" data-src=\"https:\/\/oroverde.gob.ar\/portal\/wp-content\/uploads\/2026\/04\/1-taller-1024x683.jpg\" class=\"attachment-large size-large wp-image-8463 lazyload\" alt=\"\" data-srcset=\"https:\/\/oroverde.gob.ar\/portal\/wp-content\/uploads\/2026\/04\/1-taller-1024x683.jpg 1024w, https:\/\/oroverde.gob.ar\/portal\/wp-content\/uploads\/2026\/04\/1-taller-300x200.jpg 300w, https:\/\/oroverde.gob.ar\/portal\/wp-content\/uploads\/2026\/04\/1-taller-768x512.jpg 768w, https:\/\/oroverde.gob.ar\/portal\/wp-content\/uploads\/2026\/04\/1-taller-1536x1024.jpg 1536w, https:\/\/oroverde.gob.ar\/portal\/wp-content\/uploads\/2026\/04\/1-taller-2048x1365.jpg 2048w, https:\/\/oroverde.gob.ar\/portal\/wp-content\/uploads\/2026\/04\/1-taller-535x357.jpg 535w\" data-sizes=\"(max-width: 966px) 100vw, 966px\" src=\"data:image\/svg+xml;base64,PHN2ZyB3aWR0aD0iMSIgaGVpZ2h0PSIxIiB4bWxucz0iaHR0cDovL3d3dy53My5vcmcvMjAwMC9zdmciPjwvc3ZnPg==\" style=\"--smush-placeholder-width: 966px; --smush-placeholder-aspect-ratio: 966\/644;\" \/>\n                            <\/div>\n                    <\/div><div class=\"eael-entry-wrapper\"><header class=\"eael-entry-header\"><h4 class=\"eael-entry-title\"><a class=\"eael-grid-post-link\" href=\"https:\/\/oroverde.gob.ar\/portal\/taller-las-violencias-como-problematica-de-salud\/\" title=\"Taller \u201cLas violencias como problem\u00e1tica de salud\u201d\">Taller \u201cLas violencias como problem\u00e1tica de salud\u201d<\/a><\/h4><\/header><div class=\"eael-entry-content\">\n                                <div class=\"eael-grid-post-excerpt\"><a href=\"https:\/\/oroverde.gob.ar\/portal\/taller-las-violencias-como-problematica-de-salud\/\" class=\"eael-post-elements-readmore-btn\">AMPLIAR INFORMACI\u00d3N<\/a><\/div>\n                            <\/div><\/div><\/div>\n    <\/div>\n<\/article><article class=\"eael-grid-post  eael-post-grid-column eael-pg-post-8459 category-municipio\" data-id=\"8459\">\n    <div class=\"eael-grid-post-holder\">\n        <div class=\"eael-grid-post-holder-inner\"><div class=\"eael-entry-media\"><div class=\"eael-entry-overlay zoom-in\"><i class=\"fas fa-plus\" aria-hidden=\"true\"><\/i><a href=\"https:\/\/oroverde.gob.ar\/portal\/barreto-participo-de-una-reunion-organizativa-de-los-juegos-deportivos-entrerrianos-2026\/\"><\/a><\/div><div class=\"eael-entry-thumbnail \">\n                            <img decoding=\"async\" width=\"966\" height=\"885\" data-src=\"https:\/\/oroverde.gob.ar\/portal\/wp-content\/uploads\/2026\/04\/c6c08e2e-2611-4ac4-bb66-9393eb42e104-1024x938.jpg\" class=\"attachment-large size-large wp-image-8460 lazyload\" alt=\"\" data-srcset=\"https:\/\/oroverde.gob.ar\/portal\/wp-content\/uploads\/2026\/04\/c6c08e2e-2611-4ac4-bb66-9393eb42e104-1024x938.jpg 1024w, https:\/\/oroverde.gob.ar\/portal\/wp-content\/uploads\/2026\/04\/c6c08e2e-2611-4ac4-bb66-9393eb42e104-300x275.jpg 300w, https:\/\/oroverde.gob.ar\/portal\/wp-content\/uploads\/2026\/04\/c6c08e2e-2611-4ac4-bb66-9393eb42e104-768x703.jpg 768w, https:\/\/oroverde.gob.ar\/portal\/wp-content\/uploads\/2026\/04\/c6c08e2e-2611-4ac4-bb66-9393eb42e104-535x490.jpg 535w, https:\/\/oroverde.gob.ar\/portal\/wp-content\/uploads\/2026\/04\/c6c08e2e-2611-4ac4-bb66-9393eb42e104.jpg 1080w\" data-sizes=\"(max-width: 966px) 100vw, 966px\" src=\"data:image\/svg+xml;base64,PHN2ZyB3aWR0aD0iMSIgaGVpZ2h0PSIxIiB4bWxucz0iaHR0cDovL3d3dy53My5vcmcvMjAwMC9zdmciPjwvc3ZnPg==\" style=\"--smush-placeholder-width: 966px; --smush-placeholder-aspect-ratio: 966\/885;\" \/>\n                            <\/div>\n                    <\/div><div class=\"eael-entry-wrapper\"><header class=\"eael-entry-header\"><h4 class=\"eael-entry-title\"><a class=\"eael-grid-post-link\" href=\"https:\/\/oroverde.gob.ar\/portal\/barreto-participo-de-una-reunion-organizativa-de-los-juegos-deportivos-entrerrianos-2026\/\" title=\"Barreto particip\u00f3 de una reuni\u00f3n organizativa de los Juegos Deportivos Entrerrianos 2026\">Barreto particip\u00f3 de una reuni\u00f3n organizativa de los Juegos Deportivos Entrerrianos 2026<\/a><\/h4><\/header><div class=\"eael-entry-content\">\n                                <div class=\"eael-grid-post-excerpt\"><a href=\"https:\/\/oroverde.gob.ar\/portal\/barreto-participo-de-una-reunion-organizativa-de-los-juegos-deportivos-entrerrianos-2026\/\" class=\"eael-post-elements-readmore-btn\">AMPLIAR INFORMACI\u00d3N<\/a><\/div>\n                            <\/div><\/div><\/div>\n    <\/div>\n<\/article><article class=\"eael-grid-post  eael-post-grid-column eael-pg-post-8456 category-municipio\" data-id=\"8456\">\n    <div class=\"eael-grid-post-holder\">\n        <div class=\"eael-grid-post-holder-inner\"><div class=\"eael-entry-media\"><div class=\"eael-entry-overlay zoom-in\"><i class=\"fas fa-plus\" aria-hidden=\"true\"><\/i><a href=\"https:\/\/oroverde.gob.ar\/portal\/el-predio-multieventos-se-llamara-jorge-mendez-en-homenaje-al-gran-cantautor-entrerriano\/\"><\/a><\/div><div class=\"eael-entry-thumbnail \">\n                            <img decoding=\"async\" width=\"966\" height=\"543\" data-src=\"https:\/\/oroverde.gob.ar\/portal\/wp-content\/uploads\/2026\/04\/Jorge-Mendez-1024x576.jpg\" class=\"attachment-large size-large wp-image-8457 lazyload\" alt=\"\" data-srcset=\"https:\/\/oroverde.gob.ar\/portal\/wp-content\/uploads\/2026\/04\/Jorge-Mendez-1024x576.jpg 1024w, https:\/\/oroverde.gob.ar\/portal\/wp-content\/uploads\/2026\/04\/Jorge-Mendez-300x169.jpg 300w, https:\/\/oroverde.gob.ar\/portal\/wp-content\/uploads\/2026\/04\/Jorge-Mendez-768x432.jpg 768w, https:\/\/oroverde.gob.ar\/portal\/wp-content\/uploads\/2026\/04\/Jorge-Mendez-1536x864.jpg 1536w, https:\/\/oroverde.gob.ar\/portal\/wp-content\/uploads\/2026\/04\/Jorge-Mendez-535x301.jpg 535w, https:\/\/oroverde.gob.ar\/portal\/wp-content\/uploads\/2026\/04\/Jorge-Mendez.jpg 1600w\" data-sizes=\"(max-width: 966px) 100vw, 966px\" src=\"data:image\/svg+xml;base64,PHN2ZyB3aWR0aD0iMSIgaGVpZ2h0PSIxIiB4bWxucz0iaHR0cDovL3d3dy53My5vcmcvMjAwMC9zdmciPjwvc3ZnPg==\" style=\"--smush-placeholder-width: 966px; --smush-placeholder-aspect-ratio: 966\/543;\" \/>\n                            <\/div>\n                    <\/div><div class=\"eael-entry-wrapper\"><header class=\"eael-entry-header\"><h4 class=\"eael-entry-title\"><a class=\"eael-grid-post-link\" href=\"https:\/\/oroverde.gob.ar\/portal\/el-predio-multieventos-se-llamara-jorge-mendez-en-homenaje-al-gran-cantautor-entrerriano\/\" title=\"El predio Multieventos se llamar\u00e1 Jorge M\u00e9ndez en homenaje al gran cantautor entrerriano\">El predio Multieventos se llamar\u00e1 Jorge M\u00e9ndez en homenaje al gran cantautor entrerriano<\/a><\/h4><\/header><div class=\"eael-entry-content\">\n                                <div class=\"eael-grid-post-excerpt\"><a href=\"https:\/\/oroverde.gob.ar\/portal\/el-predio-multieventos-se-llamara-jorge-mendez-en-homenaje-al-gran-cantautor-entrerriano\/\" class=\"eael-post-elements-readmore-btn\">AMPLIAR INFORMACI\u00d3N<\/a><\/div>\n                            <\/div><\/div><\/div>\n    <\/div>\n<\/article><article class=\"eael-grid-post  eael-post-grid-column eael-pg-post-8453 category-municipio\" data-id=\"8453\">\n    <div class=\"eael-grid-post-holder\">\n        <div class=\"eael-grid-post-holder-inner\"><div class=\"eael-entry-media\"><div class=\"eael-entry-overlay zoom-in\"><i class=\"fas fa-plus\" aria-hidden=\"true\"><\/i><a href=\"https:\/\/oroverde.gob.ar\/portal\/recomendaciones-sobre-el-mantenimiento-de-los-terrenos-y-corte-de-pasto-3\/\"><\/a><\/div><div class=\"eael-entry-thumbnail \">\n                            <img decoding=\"async\" width=\"966\" height=\"644\" data-src=\"https:\/\/oroverde.gob.ar\/portal\/wp-content\/uploads\/2025\/12\/pasto-1024x683.jpg\" class=\"attachment-large size-large wp-image-7598 lazyload\" alt=\"\" data-srcset=\"https:\/\/oroverde.gob.ar\/portal\/wp-content\/uploads\/2025\/12\/pasto-1024x683.jpg 1024w, https:\/\/oroverde.gob.ar\/portal\/wp-content\/uploads\/2025\/12\/pasto-300x200.jpg 300w, https:\/\/oroverde.gob.ar\/portal\/wp-content\/uploads\/2025\/12\/pasto-768x512.jpg 768w, https:\/\/oroverde.gob.ar\/portal\/wp-content\/uploads\/2025\/12\/pasto-1536x1024.jpg 1536w, https:\/\/oroverde.gob.ar\/portal\/wp-content\/uploads\/2025\/12\/pasto-535x357.jpg 535w, https:\/\/oroverde.gob.ar\/portal\/wp-content\/uploads\/2025\/12\/pasto.jpg 2048w\" data-sizes=\"(max-width: 966px) 100vw, 966px\" src=\"data:image\/svg+xml;base64,PHN2ZyB3aWR0aD0iMSIgaGVpZ2h0PSIxIiB4bWxucz0iaHR0cDovL3d3dy53My5vcmcvMjAwMC9zdmciPjwvc3ZnPg==\" style=\"--smush-placeholder-width: 966px; --smush-placeholder-aspect-ratio: 966\/644;\" \/>\n                            <\/div>\n                    <\/div><div class=\"eael-entry-wrapper\"><header class=\"eael-entry-header\"><h4 class=\"eael-entry-title\"><a class=\"eael-grid-post-link\" href=\"https:\/\/oroverde.gob.ar\/portal\/recomendaciones-sobre-el-mantenimiento-de-los-terrenos-y-corte-de-pasto-3\/\" title=\"Recomendaciones sobre el mantenimiento de los terrenos y corte de pasto\">Recomendaciones sobre el mantenimiento de los terrenos y corte de pasto<\/a><\/h4><\/header><div class=\"eael-entry-content\">\n                                <div class=\"eael-grid-post-excerpt\"><a href=\"https:\/\/oroverde.gob.ar\/portal\/recomendaciones-sobre-el-mantenimiento-de-los-terrenos-y-corte-de-pasto-3\/\" class=\"eael-post-elements-readmore-btn\">AMPLIAR INFORMACI\u00d3N<\/a><\/div>\n                            <\/div><\/div><\/div>\n    <\/div>\n<\/article><article class=\"eael-grid-post  eael-post-grid-column eael-pg-post-8416 category-municipio\" data-id=\"8416\">\n    <div class=\"eael-grid-post-holder\">\n        <div class=\"eael-grid-post-holder-inner\"><div class=\"eael-entry-media\"><div class=\"eael-entry-overlay zoom-in\"><i class=\"fas fa-plus\" aria-hidden=\"true\"><\/i><a href=\"https:\/\/oroverde.gob.ar\/portal\/primer-eco-canje-del-ano\/\"><\/a><\/div><div class=\"eael-entry-thumbnail \">\n                            <img decoding=\"async\" width=\"966\" height=\"644\" data-src=\"https:\/\/oroverde.gob.ar\/portal\/wp-content\/uploads\/2025\/04\/eco-para-web-1024x683.jpg\" class=\"attachment-large size-large wp-image-5811 lazyload\" alt=\"\" data-srcset=\"https:\/\/oroverde.gob.ar\/portal\/wp-content\/uploads\/2025\/04\/eco-para-web-1024x683.jpg 1024w, https:\/\/oroverde.gob.ar\/portal\/wp-content\/uploads\/2025\/04\/eco-para-web-300x200.jpg 300w, https:\/\/oroverde.gob.ar\/portal\/wp-content\/uploads\/2025\/04\/eco-para-web-768x512.jpg 768w, https:\/\/oroverde.gob.ar\/portal\/wp-content\/uploads\/2025\/04\/eco-para-web-1536x1025.jpg 1536w, https:\/\/oroverde.gob.ar\/portal\/wp-content\/uploads\/2025\/04\/eco-para-web-2048x1367.jpg 2048w, https:\/\/oroverde.gob.ar\/portal\/wp-content\/uploads\/2025\/04\/eco-para-web-535x357.jpg 535w\" data-sizes=\"(max-width: 966px) 100vw, 966px\" src=\"data:image\/svg+xml;base64,PHN2ZyB3aWR0aD0iMSIgaGVpZ2h0PSIxIiB4bWxucz0iaHR0cDovL3d3dy53My5vcmcvMjAwMC9zdmciPjwvc3ZnPg==\" style=\"--smush-placeholder-width: 966px; --smush-placeholder-aspect-ratio: 966\/644;\" \/>\n                            <\/div>\n                    <\/div><div class=\"eael-entry-wrapper\"><header class=\"eael-entry-header\"><h4 class=\"eael-entry-title\"><a class=\"eael-grid-post-link\" href=\"https:\/\/oroverde.gob.ar\/portal\/primer-eco-canje-del-ano\/\" title=\"Primer Eco Canje del a\u00f1o\">Primer Eco Canje del a\u00f1o<\/a><\/h4><\/header><div class=\"eael-entry-content\">\n                                <div class=\"eael-grid-post-excerpt\"><a href=\"https:\/\/oroverde.gob.ar\/portal\/primer-eco-canje-del-ano\/\" class=\"eael-post-elements-readmore-btn\">AMPLIAR INFORMACI\u00d3N<\/a><\/div>\n                            <\/div><\/div><\/div>\n    <\/div>\n<\/article><article class=\"eael-grid-post  eael-post-grid-column eael-pg-post-8450 category-municipio\" data-id=\"8450\">\n    <div class=\"eael-grid-post-holder\">\n        <div class=\"eael-grid-post-holder-inner\"><div class=\"eael-entry-media\"><div class=\"eael-entry-overlay zoom-in\"><i class=\"fas fa-plus\" aria-hidden=\"true\"><\/i><a href=\"https:\/\/oroverde.gob.ar\/portal\/oro-verde-participo-el-fin-de-semana-en-el-encuentro-de-deporte-adaptado-realizado-en-san-benito\/\"><\/a><\/div><div class=\"eael-entry-thumbnail \">\n                            <img decoding=\"async\" width=\"966\" height=\"966\" data-src=\"https:\/\/oroverde.gob.ar\/portal\/wp-content\/uploads\/2026\/04\/681265499_1263359315969047_2800749486709431698_n-1024x1024.jpg\" class=\"attachment-large size-large wp-image-8451 lazyload\" alt=\"\" data-srcset=\"https:\/\/oroverde.gob.ar\/portal\/wp-content\/uploads\/2026\/04\/681265499_1263359315969047_2800749486709431698_n-1024x1024.jpg 1024w, https:\/\/oroverde.gob.ar\/portal\/wp-content\/uploads\/2026\/04\/681265499_1263359315969047_2800749486709431698_n-300x300.jpg 300w, https:\/\/oroverde.gob.ar\/portal\/wp-content\/uploads\/2026\/04\/681265499_1263359315969047_2800749486709431698_n-150x150.jpg 150w, https:\/\/oroverde.gob.ar\/portal\/wp-content\/uploads\/2026\/04\/681265499_1263359315969047_2800749486709431698_n-768x768.jpg 768w, https:\/\/oroverde.gob.ar\/portal\/wp-content\/uploads\/2026\/04\/681265499_1263359315969047_2800749486709431698_n-535x535.jpg 535w, https:\/\/oroverde.gob.ar\/portal\/wp-content\/uploads\/2026\/04\/681265499_1263359315969047_2800749486709431698_n-800x800.jpg 800w, https:\/\/oroverde.gob.ar\/portal\/wp-content\/uploads\/2026\/04\/681265499_1263359315969047_2800749486709431698_n.jpg 1204w\" data-sizes=\"(max-width: 966px) 100vw, 966px\" src=\"data:image\/svg+xml;base64,PHN2ZyB3aWR0aD0iMSIgaGVpZ2h0PSIxIiB4bWxucz0iaHR0cDovL3d3dy53My5vcmcvMjAwMC9zdmciPjwvc3ZnPg==\" style=\"--smush-placeholder-width: 966px; --smush-placeholder-aspect-ratio: 966\/966;\" \/>\n                            <\/div>\n                    <\/div><div class=\"eael-entry-wrapper\"><header class=\"eael-entry-header\"><h4 class=\"eael-entry-title\"><a class=\"eael-grid-post-link\" href=\"https:\/\/oroverde.gob.ar\/portal\/oro-verde-participo-el-fin-de-semana-en-el-encuentro-de-deporte-adaptado-realizado-en-san-benito\/\" title=\"Oro Verde particip\u00f3 el fin de semana en el Encuentro de Deporte Adaptado realizado en San Benito\">Oro Verde particip\u00f3 el fin de semana en el Encuentro de Deporte Adaptado realizado en San Benito<\/a><\/h4><\/header><div class=\"eael-entry-content\">\n                                <div class=\"eael-grid-post-excerpt\"><a href=\"https:\/\/oroverde.gob.ar\/portal\/oro-verde-participo-el-fin-de-semana-en-el-encuentro-de-deporte-adaptado-realizado-en-san-benito\/\" class=\"eael-post-elements-readmore-btn\">AMPLIAR INFORMACI\u00d3N<\/a><\/div>\n                            <\/div><\/div><\/div>\n    <\/div>\n<\/article><article class=\"eael-grid-post  eael-post-grid-column eael-pg-post-8447 category-municipio\" data-id=\"8447\">\n    <div class=\"eael-grid-post-holder\">\n        <div class=\"eael-grid-post-holder-inner\"><div class=\"eael-entry-media\"><div class=\"eael-entry-overlay zoom-in\"><i class=\"fas fa-plus\" aria-hidden=\"true\"><\/i><a href=\"https:\/\/oroverde.gob.ar\/portal\/las-familias-ya-pueden-disfrutar-de-la-plaza-noelia-kler\/\"><\/a><\/div><div class=\"eael-entry-thumbnail \">\n                            <img decoding=\"async\" width=\"966\" height=\"644\" data-src=\"https:\/\/oroverde.gob.ar\/portal\/wp-content\/uploads\/2026\/04\/1-3-1024x683.jpg\" class=\"attachment-large size-large wp-image-8448 lazyload\" alt=\"\" data-srcset=\"https:\/\/oroverde.gob.ar\/portal\/wp-content\/uploads\/2026\/04\/1-3-1024x683.jpg 1024w, https:\/\/oroverde.gob.ar\/portal\/wp-content\/uploads\/2026\/04\/1-3-300x200.jpg 300w, https:\/\/oroverde.gob.ar\/portal\/wp-content\/uploads\/2026\/04\/1-3-768x512.jpg 768w, https:\/\/oroverde.gob.ar\/portal\/wp-content\/uploads\/2026\/04\/1-3-1536x1024.jpg 1536w, https:\/\/oroverde.gob.ar\/portal\/wp-content\/uploads\/2026\/04\/1-3-2048x1365.jpg 2048w, https:\/\/oroverde.gob.ar\/portal\/wp-content\/uploads\/2026\/04\/1-3-535x357.jpg 535w\" data-sizes=\"(max-width: 966px) 100vw, 966px\" src=\"data:image\/svg+xml;base64,PHN2ZyB3aWR0aD0iMSIgaGVpZ2h0PSIxIiB4bWxucz0iaHR0cDovL3d3dy53My5vcmcvMjAwMC9zdmciPjwvc3ZnPg==\" style=\"--smush-placeholder-width: 966px; --smush-placeholder-aspect-ratio: 966\/644;\" \/>\n                            <\/div>\n                    <\/div><div class=\"eael-entry-wrapper\"><header class=\"eael-entry-header\"><h4 class=\"eael-entry-title\"><a class=\"eael-grid-post-link\" href=\"https:\/\/oroverde.gob.ar\/portal\/las-familias-ya-pueden-disfrutar-de-la-plaza-noelia-kler\/\" title=\"Las familias ya pueden disfrutar de la plaza Noelia Kler\">Las familias ya pueden disfrutar de la plaza Noelia Kler<\/a><\/h4><\/header><div class=\"eael-entry-content\">\n                                <div class=\"eael-grid-post-excerpt\"><a href=\"https:\/\/oroverde.gob.ar\/portal\/las-familias-ya-pueden-disfrutar-de-la-plaza-noelia-kler\/\" class=\"eael-post-elements-readmore-btn\">AMPLIAR INFORMACI\u00d3N<\/a><\/div>\n                            <\/div><\/div><\/div>\n    <\/div>\n<\/article><article class=\"eael-grid-post  eael-post-grid-column eael-pg-post-8444 category-deportes\" data-id=\"8444\">\n    <div class=\"eael-grid-post-holder\">\n        <div class=\"eael-grid-post-holder-inner\"><div class=\"eael-entry-media\"><div class=\"eael-entry-overlay zoom-in\"><i class=\"fas fa-plus\" aria-hidden=\"true\"><\/i><a href=\"https:\/\/oroverde.gob.ar\/portal\/nuestro-taller-de-adultos-mayores-viajo-a-cerrito\/\"><\/a><\/div><div class=\"eael-entry-thumbnail \">\n                            <img decoding=\"async\" width=\"966\" height=\"725\" data-src=\"https:\/\/oroverde.gob.ar\/portal\/wp-content\/uploads\/2026\/04\/1-am-1024x768.jpg\" class=\"attachment-large size-large wp-image-8445 lazyload\" alt=\"\" data-srcset=\"https:\/\/oroverde.gob.ar\/portal\/wp-content\/uploads\/2026\/04\/1-am-1024x768.jpg 1024w, https:\/\/oroverde.gob.ar\/portal\/wp-content\/uploads\/2026\/04\/1-am-300x225.jpg 300w, https:\/\/oroverde.gob.ar\/portal\/wp-content\/uploads\/2026\/04\/1-am-768x576.jpg 768w, https:\/\/oroverde.gob.ar\/portal\/wp-content\/uploads\/2026\/04\/1-am-1536x1152.jpg 1536w, https:\/\/oroverde.gob.ar\/portal\/wp-content\/uploads\/2026\/04\/1-am-2048x1536.jpg 2048w, https:\/\/oroverde.gob.ar\/portal\/wp-content\/uploads\/2026\/04\/1-am-535x401.jpg 535w\" data-sizes=\"(max-width: 966px) 100vw, 966px\" src=\"data:image\/svg+xml;base64,PHN2ZyB3aWR0aD0iMSIgaGVpZ2h0PSIxIiB4bWxucz0iaHR0cDovL3d3dy53My5vcmcvMjAwMC9zdmciPjwvc3ZnPg==\" style=\"--smush-placeholder-width: 966px; --smush-placeholder-aspect-ratio: 966\/725;\" \/>\n                            <\/div>\n                    <\/div><div class=\"eael-entry-wrapper\"><header class=\"eael-entry-header\"><h4 class=\"eael-entry-title\"><a class=\"eael-grid-post-link\" href=\"https:\/\/oroverde.gob.ar\/portal\/nuestro-taller-de-adultos-mayores-viajo-a-cerrito\/\" title=\"Nuestro Taller de adultos Mayores viaj\u00f3 a Cerrito\">Nuestro Taller de adultos Mayores viaj\u00f3 a Cerrito<\/a><\/h4><\/header><div class=\"eael-entry-content\">\n                                <div class=\"eael-grid-post-excerpt\"><a href=\"https:\/\/oroverde.gob.ar\/portal\/nuestro-taller-de-adultos-mayores-viajo-a-cerrito\/\" class=\"eael-post-elements-readmore-btn\">AMPLIAR INFORMACI\u00d3N<\/a><\/div>\n                            <\/div><\/div><\/div>\n    <\/div>\n<\/article><\/div>\n            <div class=\"clearfix\"><\/div>\n        <\/div>            <div class=\"eael-load-more-button-wrap\">\n                <button class=\"eael-load-more-button\" id=\"eael-load-more-btn-2d9a359\" data-widget-id=\"2d9a359\" data-widget=\"2d9a359\" data-page-id=\"6864\" data-template=\"{&quot;dir&quot;:&quot;lite&quot;,&quot;file_name&quot;:&quot;two.php&quot;,&quot;name&quot;:&quot;Post-Grid&quot;}\" data-class=\"Essential_Addons_Elementor\\Elements\\Post_Grid\" data-layout=\"masonry\" data-page=\"1\" data-args=\"orderby=date&amp;order=desc&amp;ignore_sticky_posts=1&amp;post_status=publish&amp;posts_per_page=10&amp;offset=0&amp;post_type=post\" data-max-page=\"84\">\n                    <span class=\"eael-btn-loader button__loader\"><\/span>\n                    <span class=\"eael_load_more_text\">Cargar m\u00e1s<\/span>\n                <\/button>\n            <\/div>\n            \t\t\t\t<\/div>\n\t\t\t\t<\/div>\n\t\t\t\t<\/div>\n\t\t<div class=\"elementor-element elementor-element-c270532 e-con-full e-flex e-con e-parent\" data-id=\"c270532\" data-element_type=\"container\" data-e-type=\"container\">\n\t\t\t\t<div class=\"elementor-element elementor-element-7747e2c ekit-image-accordion-hover ekit-image-accordion-horizontal elementor-widget elementor-widget-elementskit-image-accordion\" data-id=\"7747e2c\" data-element_type=\"widget\" data-e-type=\"widget\" data-widget_type=\"elementskit-image-accordion.default\">\n\t\t\t\t<div class=\"elementor-widget-container\">\n\t\t\t\t\t<div class=\"ekit-wid-con\" >\t\t<div class=\"ekit-image-accordion elementskit-image-accordion-wraper\">\n\t\t\t                <input type=\"radio\" name=\"ekit_ia_7747e2c\" id=\"ekit_ia_7747e2c_0\" class=\"elementskit-single-image-accordion--input\" hidden>\n                <label for=\"ekit_ia_7747e2c_0\" class=\"elementskit-single-image-accordion ekit-image-accordion-item lazyload\" style=\"background-image:inherit\" data-bg-image=\"url(https:\/\/oroverde.gob.ar\/portal\/wp-content\/uploads\/2025\/05\/imagenes-para-arriba-1-2.png)\">\n                    <span class=\"elementskit-accordion-content\">\n\t\t\t\t\t\t\t\t\t\t\t\t\t<span class=\"elementskit-icon-wraper ekit-image-accordion-actions\">\n\t\t\t\t\t\t\t\t\t\t\t\t\t\t\t\t\t\t\t\t\t\t\t<a href=\"https:\/\/oroverde.gob.ar\/portal\/tramites-inicio\/tramites-2\/\" role=\"link\" aria-label=\"button-link\" class=\"icon-outline circle\">\n\t\t\t\t\t\t\t\t\t<i aria-hidden=\"true\" class=\"icon icon icon-link\"><\/i>\t\t\t\t\t\t\t\t\t<\/a>\n\t\t\t\t\t\t\t\t\t\t\t\t\t\t\t<\/span>\n\t\t\t\t\t\t\t\t\t\t\t\t\t\t<span class=\"elementskit-accordion-title-wraper\">\n\t\t\t\t\t\t\t\t<span class=\"elementskit-accordion-title \">\n\t\t\t\t\t\t\t\t\n\t\t\t\t\t\t\t\tTR\u00c1MITES\n\t\t\t\t\t\t\t\t\t\t\t\t\t\t\t\t<\/span>\n\t\t\t\t\t\t\t<\/span>\n\t\t\t\t\t\t\t                    <\/span>\n                <\/label>\n                            <input type=\"radio\" name=\"ekit_ia_7747e2c\" id=\"ekit_ia_7747e2c_1\" class=\"elementskit-single-image-accordion--input\" hidden>\n                <label for=\"ekit_ia_7747e2c_1\" class=\"elementskit-single-image-accordion ekit-image-accordion-item lazyload\" style=\"background-image:inherit\" data-bg-image=\"url(https:\/\/oroverde.gob.ar\/portal\/wp-content\/uploads\/2025\/05\/imagenes-para-arriba-1.png)\">\n                    <span class=\"elementskit-accordion-content\">\n\t\t\t\t\t\t\t\t\t\t\t\t\t<span class=\"elementskit-icon-wraper ekit-image-accordion-actions\">\n\t\t\t\t\t\t\t\t\t\t\t\t\t\t\t\t\t\t\t\t\t\t\t<a href=\"https:\/\/pagos.asjservicios.com.ar:8092\/?E=8558\" target=\"_blank\" role=\"link\" aria-label=\"button-link\" class=\"icon-outline circle\">\n\t\t\t\t\t\t\t\t\t<i aria-hidden=\"true\" class=\"icon icon icon-link\"><\/i>\t\t\t\t\t\t\t\t\t<\/a>\n\t\t\t\t\t\t\t\t\t\t\t\t\t\t\t<\/span>\n\t\t\t\t\t\t\t\t\t\t\t\t\t\t<span class=\"elementskit-accordion-title-wraper\">\n\t\t\t\t\t\t\t\t<span class=\"elementskit-accordion-title \">\n\t\t\t\t\t\t\t\t\n\t\t\t\t\t\t\t\tBOT\u00d3N DE PAGO\n\t\t\t\t\t\t\t\t\t\t\t\t\t\t\t\t<\/span>\n\t\t\t\t\t\t\t<\/span>\n\t\t\t\t\t\t\t                    <\/span>\n                <\/label>\n                            <input type=\"radio\" name=\"ekit_ia_7747e2c\" id=\"ekit_ia_7747e2c_2\" class=\"elementskit-single-image-accordion--input\" hidden>\n                <label for=\"ekit_ia_7747e2c_2\" class=\"elementskit-single-image-accordion ekit-image-accordion-item lazyload\" style=\"background-image:inherit\" data-bg-image=\"url(https:\/\/oroverde.gob.ar\/portal\/wp-content\/uploads\/2025\/05\/imagenes-para-arriba-1-1.png)\">\n                    <span class=\"elementskit-accordion-content\">\n\t\t\t\t\t\t\t\t\t\t\t\t\t<span class=\"elementskit-icon-wraper ekit-image-accordion-actions\">\n\t\t\t\t\t\t\t\t\t\t\t\t\t\t\t\t\t\t\t\t\t\t\t<a href=\"https:\/\/oroverde.gob.ar\/portal\/wp-content\/uploads\/2024\/08\/loteos-decreto.pdf\" target=\"_blank\" role=\"link\" aria-label=\"button-link\" class=\"icon-outline circle\">\n\t\t\t\t\t\t\t\t\t<i aria-hidden=\"true\" class=\"icon icon icon-link\"><\/i>\t\t\t\t\t\t\t\t\t<\/a>\n\t\t\t\t\t\t\t\t\t\t\t\t\t\t\t<\/span>\n\t\t\t\t\t\t\t\t\t\t\t\t\t\t<span class=\"elementskit-accordion-title-wraper\">\n\t\t\t\t\t\t\t\t<span class=\"elementskit-accordion-title \">\n\t\t\t\t\t\t\t\t\n\t\t\t\t\t\t\t\tLOTEOS\n\t\t\t\t\t\t\t\t\t\t\t\t\t\t\t\t<\/span>\n\t\t\t\t\t\t\t<\/span>\n\t\t\t\t\t\t\t                    <\/span>\n                <\/label>\n                            <input type=\"radio\" name=\"ekit_ia_7747e2c\" id=\"ekit_ia_7747e2c_3\" class=\"elementskit-single-image-accordion--input\" hidden>\n                <label for=\"ekit_ia_7747e2c_3\" class=\"elementskit-single-image-accordion ekit-image-accordion-item lazyload\" style=\"background-image:inherit\" data-bg-image=\"url(https:\/\/oroverde.gob.ar\/portal\/wp-content\/uploads\/2025\/05\/imagenes-para-arriba-2.png)\">\n                    <span class=\"elementskit-accordion-content\">\n\t\t\t\t\t\t\t\t\t\t\t\t\t<span class=\"elementskit-icon-wraper ekit-image-accordion-actions\">\n\t\t\t\t\t\t\t\t\t\t\t\t\t\t\t\t\t\t\t\t\t\t\t<a href=\"https:\/\/oroverde.gob.ar\/portal\/programa-girsu\/\" role=\"link\" aria-label=\"button-link\" class=\"icon-outline circle\">\n\t\t\t\t\t\t\t\t\t<i aria-hidden=\"true\" class=\"icon icon icon-link\"><\/i>\t\t\t\t\t\t\t\t\t<\/a>\n\t\t\t\t\t\t\t\t\t\t\t\t\t\t\t<\/span>\n\t\t\t\t\t\t\t\t\t\t\t\t\t\t<span class=\"elementskit-accordion-title-wraper\">\n\t\t\t\t\t\t\t\t<span class=\"elementskit-accordion-title \">\n\t\t\t\t\t\t\t\t\n\t\t\t\t\t\t\t\tPROGRAMA GIRSU\n\t\t\t\t\t\t\t\t\t\t\t\t\t\t\t\t<\/span>\n\t\t\t\t\t\t\t<\/span>\n\t\t\t\t\t\t\t                    <\/span>\n                <\/label>\n                    <\/div>\n    <\/div>\t\t\t\t<\/div>\n\t\t\t\t<\/div>\n\t\t\t\t<\/div>\n\t\t<div class=\"elementor-element elementor-element-6032a9a e-con-full e-flex e-con e-parent\" data-id=\"6032a9a\" data-element_type=\"container\" data-e-type=\"container\">\n\t\t\t\t<div class=\"elementor-element elementor-element-c26680f elementor-widget elementor-widget-image\" data-id=\"c26680f\" data-element_type=\"widget\" data-e-type=\"widget\" data-widget_type=\"image.default\">\n\t\t\t\t<div class=\"elementor-widget-container\">\n\t\t\t\t\t\t\t\t\t\t\t\t\t\t\t<img decoding=\"async\" width=\"1920\" height=\"200\" data-src=\"https:\/\/oroverde.gob.ar\/portal\/wp-content\/uploads\/2026\/02\/banner-telefonos-web.png\" class=\"attachment-full size-full wp-image-7916 lazyload\" alt=\"\" data-srcset=\"https:\/\/oroverde.gob.ar\/portal\/wp-content\/uploads\/2026\/02\/banner-telefonos-web.png 1920w, https:\/\/oroverde.gob.ar\/portal\/wp-content\/uploads\/2026\/02\/banner-telefonos-web-300x31.png 300w, https:\/\/oroverde.gob.ar\/portal\/wp-content\/uploads\/2026\/02\/banner-telefonos-web-1024x107.png 1024w, https:\/\/oroverde.gob.ar\/portal\/wp-content\/uploads\/2026\/02\/banner-telefonos-web-768x80.png 768w, https:\/\/oroverde.gob.ar\/portal\/wp-content\/uploads\/2026\/02\/banner-telefonos-web-1536x160.png 1536w, https:\/\/oroverde.gob.ar\/portal\/wp-content\/uploads\/2026\/02\/banner-telefonos-web-535x56.png 535w\" data-sizes=\"(max-width: 1920px) 100vw, 1920px\" src=\"data:image\/svg+xml;base64,PHN2ZyB3aWR0aD0iMSIgaGVpZ2h0PSIxIiB4bWxucz0iaHR0cDovL3d3dy53My5vcmcvMjAwMC9zdmciPjwvc3ZnPg==\" style=\"--smush-placeholder-width: 1920px; --smush-placeholder-aspect-ratio: 1920\/200;\" \/>\t\t\t\t\t\t\t\t\t\t\t\t\t\t\t<\/div>\n\t\t\t\t<\/div>\n\t\t\t\t<\/div>\n\t\t\t\t<\/div>\n\t\t","protected":false},"excerpt":{"rendered":"<p>Intendentes vecinalistas se reunieron para analizar el complejo escenario provincial AMPLIAR INFORMACI\u00d3N Esta semana comenzaron a funcionar los talleres municipales con m\u00e1s de 500 inscriptos AMPLIAR INFORMACI\u00d3N Nueva capacitaci\u00f3n para obtener el Carnet de Manipulador de Alimentos AMPLIAR INFORMACI\u00d3N Reuni\u00f3n con autoridades de &hellip;<\/p>\n","protected":false},"author":1,"featured_media":0,"parent":0,"menu_order":0,"comment_status":"closed","ping_status":"closed","template":"elementor_header_footer","meta":{"footnotes":""},"class_list":["post-6864","page","type-page","status-publish","hentry"],"yoast_head":"<!-- This site is optimized with the Yoast SEO plugin v27.5 - https:\/\/yoast.com\/product\/yoast-seo-wordpress\/ -->\n<title>Principal - Municipio de Oro Verde<\/title>\n<meta name=\"robots\" content=\"index, follow, max-snippet:-1, max-image-preview:large, max-video-preview:-1\" \/>\n<link rel=\"canonical\" href=\"https:\/\/oroverde.gob.ar\/portal\/\" \/>\n<meta property=\"og:locale\" content=\"es_ES\" \/>\n<meta property=\"og:type\" content=\"article\" \/>\n<meta property=\"og:title\" content=\"Principal - Municipio de Oro Verde\" \/>\n<meta property=\"og:description\" content=\"Intendentes vecinalistas se reunieron para analizar el complejo escenario provincial AMPLIAR INFORMACI\u00d3N Esta semana comenzaron a funcionar los talleres municipales con m\u00e1s de 500 inscriptos AMPLIAR INFORMACI\u00d3N Nueva capacitaci\u00f3n para obtener el Carnet de Manipulador de Alimentos AMPLIAR INFORMACI\u00d3N Reuni\u00f3n con autoridades de &hellip;\" \/>\n<meta property=\"og:url\" content=\"https:\/\/oroverde.gob.ar\/portal\/\" \/>\n<meta property=\"og:site_name\" content=\"Municipio de Oro Verde\" \/>\n<meta property=\"article:modified_time\" content=\"2026-04-08T11:08:08+00:00\" \/>\n<meta property=\"og:image\" content=\"https:\/\/oroverde.gob.ar\/portal\/wp-content\/uploads\/2026\/04\/Portada-de-Facebook-Promocion-Turismo-Organico-Azul-y-Blanco.jpg\" \/>\n<meta name=\"twitter:card\" content=\"summary_large_image\" \/>\n<meta name=\"twitter:label1\" content=\"Tiempo de lectura\" \/>\n\t<meta name=\"twitter:data1\" content=\"4 minutos\" \/>\n<script type=\"application\/ld+json\" class=\"yoast-schema-graph\">{\"@context\":\"https:\\\/\\\/schema.org\",\"@graph\":[{\"@type\":\"WebPage\",\"@id\":\"https:\\\/\\\/oroverde.gob.ar\\\/portal\\\/\",\"url\":\"https:\\\/\\\/oroverde.gob.ar\\\/portal\\\/\",\"name\":\"Principal - Municipio de Oro Verde\",\"isPartOf\":{\"@id\":\"https:\\\/\\\/oroverde.gob.ar\\\/portal\\\/#website\"},\"primaryImageOfPage\":{\"@id\":\"https:\\\/\\\/oroverde.gob.ar\\\/portal\\\/#primaryimage\"},\"image\":{\"@id\":\"https:\\\/\\\/oroverde.gob.ar\\\/portal\\\/#primaryimage\"},\"thumbnailUrl\":\"https:\\\/\\\/oroverde.gob.ar\\\/portal\\\/wp-content\\\/uploads\\\/2026\\\/04\\\/Portada-de-Facebook-Promocion-Turismo-Organico-Azul-y-Blanco.jpg\",\"datePublished\":\"2025-09-18T11:55:17+00:00\",\"dateModified\":\"2026-04-08T11:08:08+00:00\",\"breadcrumb\":{\"@id\":\"https:\\\/\\\/oroverde.gob.ar\\\/portal\\\/#breadcrumb\"},\"inLanguage\":\"es\",\"potentialAction\":[{\"@type\":\"ReadAction\",\"target\":[\"https:\\\/\\\/oroverde.gob.ar\\\/portal\\\/\"]}]},{\"@type\":\"ImageObject\",\"inLanguage\":\"es\",\"@id\":\"https:\\\/\\\/oroverde.gob.ar\\\/portal\\\/#primaryimage\",\"url\":\"https:\\\/\\\/oroverde.gob.ar\\\/portal\\\/wp-content\\\/uploads\\\/2026\\\/04\\\/Portada-de-Facebook-Promocion-Turismo-Organico-Azul-y-Blanco.jpg\",\"contentUrl\":\"https:\\\/\\\/oroverde.gob.ar\\\/portal\\\/wp-content\\\/uploads\\\/2026\\\/04\\\/Portada-de-Facebook-Promocion-Turismo-Organico-Azul-y-Blanco.jpg\",\"width\":2021,\"height\":748},{\"@type\":\"BreadcrumbList\",\"@id\":\"https:\\\/\\\/oroverde.gob.ar\\\/portal\\\/#breadcrumb\",\"itemListElement\":[{\"@type\":\"ListItem\",\"position\":1,\"name\":\"Portada\",\"item\":\"https:\\\/\\\/oroverde.gob.ar\\\/portal\\\/\"},{\"@type\":\"ListItem\",\"position\":2,\"name\":\"Principal\"}]},{\"@type\":\"WebSite\",\"@id\":\"https:\\\/\\\/oroverde.gob.ar\\\/portal\\\/#website\",\"url\":\"https:\\\/\\\/oroverde.gob.ar\\\/portal\\\/\",\"name\":\"Municipio de Oro Verde\",\"description\":\"Web Oficial\",\"publisher\":{\"@id\":\"https:\\\/\\\/oroverde.gob.ar\\\/portal\\\/#organization\"},\"potentialAction\":[{\"@type\":\"SearchAction\",\"target\":{\"@type\":\"EntryPoint\",\"urlTemplate\":\"https:\\\/\\\/oroverde.gob.ar\\\/portal\\\/?s={search_term_string}\"},\"query-input\":{\"@type\":\"PropertyValueSpecification\",\"valueRequired\":true,\"valueName\":\"search_term_string\"}}],\"inLanguage\":\"es\"},{\"@type\":\"Organization\",\"@id\":\"https:\\\/\\\/oroverde.gob.ar\\\/portal\\\/#organization\",\"name\":\"Municipio de Oro Verde\",\"url\":\"https:\\\/\\\/oroverde.gob.ar\\\/portal\\\/\",\"logo\":{\"@type\":\"ImageObject\",\"inLanguage\":\"es\",\"@id\":\"https:\\\/\\\/oroverde.gob.ar\\\/portal\\\/#\\\/schema\\\/logo\\\/image\\\/\",\"url\":\"https:\\\/\\\/oroverde.gob.ar\\\/portal\\\/wp-content\\\/uploads\\\/2024\\\/06\\\/cropped-cropped-logo-1.png\",\"contentUrl\":\"https:\\\/\\\/oroverde.gob.ar\\\/portal\\\/wp-content\\\/uploads\\\/2024\\\/06\\\/cropped-cropped-logo-1.png\",\"width\":1776,\"height\":738,\"caption\":\"Municipio de Oro Verde\"},\"image\":{\"@id\":\"https:\\\/\\\/oroverde.gob.ar\\\/portal\\\/#\\\/schema\\\/logo\\\/image\\\/\"}}]}<\/script>\n<!-- \/ Yoast SEO plugin. -->","yoast_head_json":{"title":"Principal - Municipio de Oro Verde","robots":{"index":"index","follow":"follow","max-snippet":"max-snippet:-1","max-image-preview":"max-image-preview:large","max-video-preview":"max-video-preview:-1"},"canonical":"https:\/\/oroverde.gob.ar\/portal\/","og_locale":"es_ES","og_type":"article","og_title":"Principal - Municipio de Oro Verde","og_description":"Intendentes vecinalistas se reunieron para analizar el complejo escenario provincial AMPLIAR INFORMACI\u00d3N Esta semana comenzaron a funcionar los talleres municipales con m\u00e1s de 500 inscriptos AMPLIAR INFORMACI\u00d3N Nueva capacitaci\u00f3n para obtener el Carnet de Manipulador de Alimentos AMPLIAR INFORMACI\u00d3N Reuni\u00f3n con autoridades de &hellip;","og_url":"https:\/\/oroverde.gob.ar\/portal\/","og_site_name":"Municipio de Oro Verde","article_modified_time":"2026-04-08T11:08:08+00:00","og_image":[{"url":"https:\/\/oroverde.gob.ar\/portal\/wp-content\/uploads\/2026\/04\/Portada-de-Facebook-Promocion-Turismo-Organico-Azul-y-Blanco.jpg","type":"","width":"","height":""}],"twitter_card":"summary_large_image","twitter_misc":{"Tiempo de lectura":"4 minutos"},"schema":{"@context":"https:\/\/schema.org","@graph":[{"@type":"WebPage","@id":"https:\/\/oroverde.gob.ar\/portal\/","url":"https:\/\/oroverde.gob.ar\/portal\/","name":"Principal - Municipio de Oro Verde","isPartOf":{"@id":"https:\/\/oroverde.gob.ar\/portal\/#website"},"primaryImageOfPage":{"@id":"https:\/\/oroverde.gob.ar\/portal\/#primaryimage"},"image":{"@id":"https:\/\/oroverde.gob.ar\/portal\/#primaryimage"},"thumbnailUrl":"https:\/\/oroverde.gob.ar\/portal\/wp-content\/uploads\/2026\/04\/Portada-de-Facebook-Promocion-Turismo-Organico-Azul-y-Blanco.jpg","datePublished":"2025-09-18T11:55:17+00:00","dateModified":"2026-04-08T11:08:08+00:00","breadcrumb":{"@id":"https:\/\/oroverde.gob.ar\/portal\/#breadcrumb"},"inLanguage":"es","potentialAction":[{"@type":"ReadAction","target":["https:\/\/oroverde.gob.ar\/portal\/"]}]},{"@type":"ImageObject","inLanguage":"es","@id":"https:\/\/oroverde.gob.ar\/portal\/#primaryimage","url":"https:\/\/oroverde.gob.ar\/portal\/wp-content\/uploads\/2026\/04\/Portada-de-Facebook-Promocion-Turismo-Organico-Azul-y-Blanco.jpg","contentUrl":"https:\/\/oroverde.gob.ar\/portal\/wp-content\/uploads\/2026\/04\/Portada-de-Facebook-Promocion-Turismo-Organico-Azul-y-Blanco.jpg","width":2021,"height":748},{"@type":"BreadcrumbList","@id":"https:\/\/oroverde.gob.ar\/portal\/#breadcrumb","itemListElement":[{"@type":"ListItem","position":1,"name":"Portada","item":"https:\/\/oroverde.gob.ar\/portal\/"},{"@type":"ListItem","position":2,"name":"Principal"}]},{"@type":"WebSite","@id":"https:\/\/oroverde.gob.ar\/portal\/#website","url":"https:\/\/oroverde.gob.ar\/portal\/","name":"Municipio de Oro Verde","description":"Web Oficial","publisher":{"@id":"https:\/\/oroverde.gob.ar\/portal\/#organization"},"potentialAction":[{"@type":"SearchAction","target":{"@type":"EntryPoint","urlTemplate":"https:\/\/oroverde.gob.ar\/portal\/?s={search_term_string}"},"query-input":{"@type":"PropertyValueSpecification","valueRequired":true,"valueName":"search_term_string"}}],"inLanguage":"es"},{"@type":"Organization","@id":"https:\/\/oroverde.gob.ar\/portal\/#organization","name":"Municipio de Oro Verde","url":"https:\/\/oroverde.gob.ar\/portal\/","logo":{"@type":"ImageObject","inLanguage":"es","@id":"https:\/\/oroverde.gob.ar\/portal\/#\/schema\/logo\/image\/","url":"https:\/\/oroverde.gob.ar\/portal\/wp-content\/uploads\/2024\/06\/cropped-cropped-logo-1.png","contentUrl":"https:\/\/oroverde.gob.ar\/portal\/wp-content\/uploads\/2024\/06\/cropped-cropped-logo-1.png","width":1776,"height":738,"caption":"Municipio de Oro Verde"},"image":{"@id":"https:\/\/oroverde.gob.ar\/portal\/#\/schema\/logo\/image\/"}}]}},"_links":{"self":[{"href":"https:\/\/oroverde.gob.ar\/portal\/wp-json\/wp\/v2\/pages\/6864","targetHints":{"allow":["GET"]}}],"collection":[{"href":"https:\/\/oroverde.gob.ar\/portal\/wp-json\/wp\/v2\/pages"}],"about":[{"href":"https:\/\/oroverde.gob.ar\/portal\/wp-json\/wp\/v2\/types\/page"}],"author":[{"embeddable":true,"href":"https:\/\/oroverde.gob.ar\/portal\/wp-json\/wp\/v2\/users\/1"}],"replies":[{"embeddable":true,"href":"https:\/\/oroverde.gob.ar\/portal\/wp-json\/wp\/v2\/comments?post=6864"}],"version-history":[{"count":186,"href":"https:\/\/oroverde.gob.ar\/portal\/wp-json\/wp\/v2\/pages\/6864\/revisions"}],"predecessor-version":[{"id":8325,"href":"https:\/\/oroverde.gob.ar\/portal\/wp-json\/wp\/v2\/pages\/6864\/revisions\/8325"}],"wp:attachment":[{"href":"https:\/\/oroverde.gob.ar\/portal\/wp-json\/wp\/v2\/media?parent=6864"}],"curies":[{"name":"wp","href":"https:\/\/api.w.org\/{rel}","templated":true}]}}