{"id":690,"date":"2024-06-06T08:12:45","date_gmt":"2024-06-06T11:12:45","guid":{"rendered":"https:\/\/oroverde.gob.ar\/portal\/?page_id=690"},"modified":"2025-03-19T11:13:56","modified_gmt":"2025-03-19T14:13:56","slug":"autoridades","status":"publish","type":"page","link":"https:\/\/oroverde.gob.ar\/portal\/autoridades\/","title":{"rendered":"Autoridades"},"content":{"rendered":"\t\t<div data-elementor-type=\"wp-page\" data-elementor-id=\"690\" class=\"elementor elementor-690\">\n\t\t\t\t<div class=\"elementor-element elementor-element-5e45c07 e-flex e-con-boxed e-con e-parent\" data-id=\"5e45c07\" data-element_type=\"container\" data-e-type=\"container\">\n\t\t\t\t\t<div class=\"e-con-inner\">\n\t\t\t\t<div class=\"elementor-element elementor-element-3e5ff8a elementor-widget elementor-widget-spacer\" data-id=\"3e5ff8a\" data-element_type=\"widget\" data-e-type=\"widget\" data-widget_type=\"spacer.default\">\n\t\t\t\t<div class=\"elementor-widget-container\">\n\t\t\t\t\t\t\t<div class=\"elementor-spacer\">\n\t\t\t<div class=\"elementor-spacer-inner\"><\/div>\n\t\t<\/div>\n\t\t\t\t\t\t<\/div>\n\t\t\t\t<\/div>\n\t\t\t\t\t<\/div>\n\t\t\t\t<\/div>\n\t\t<div class=\"elementor-element elementor-element-bd60e85 e-flex e-con-boxed e-con e-parent\" data-id=\"bd60e85\" data-element_type=\"container\" data-e-type=\"container\">\n\t\t\t\t\t<div class=\"e-con-inner\">\n\t\t\t\t<div class=\"elementor-element elementor-element-931f579 animated-slow elementor-invisible elementor-widget elementor-widget-image\" data-id=\"931f579\" data-element_type=\"widget\" data-e-type=\"widget\" data-settings=\"{&quot;_animation&quot;:&quot;fadeIn&quot;}\" data-widget_type=\"image.default\">\n\t\t\t\t<div class=\"elementor-widget-container\">\n\t\t\t\t\t\t\t\t\t\t\t\t\t\t\t<img decoding=\"async\" data-src=\"https:\/\/oroverde.gob.ar\/portal\/wp-content\/uploads\/2024\/06\/Autoridades-municipales-1.png\" title=\"Autoridades municipales (1)\" alt=\"Autoridades municipales (1)\" src=\"data:image\/svg+xml;base64,PHN2ZyB3aWR0aD0iMSIgaGVpZ2h0PSIxIiB4bWxucz0iaHR0cDovL3d3dy53My5vcmcvMjAwMC9zdmciPjwvc3ZnPg==\" class=\"lazyload\" style=\"--smush-placeholder-width: 1920px; --smush-placeholder-aspect-ratio: 1920\/200;\" \/>\t\t\t\t\t\t\t\t\t\t\t\t\t\t\t<\/div>\n\t\t\t\t<\/div>\n\t\t\t\t\t<\/div>\n\t\t\t\t<\/div>\n\t\t<div class=\"elementor-element elementor-element-b415368 e-flex e-con-boxed e-con e-parent\" data-id=\"b415368\" data-element_type=\"container\" data-e-type=\"container\">\n\t\t\t\t\t<div class=\"e-con-inner\">\n\t\t<div class=\"elementor-element elementor-element-1bc10b1 e-con-full e-flex e-con e-child\" data-id=\"1bc10b1\" data-element_type=\"container\" data-e-type=\"container\">\n\t\t\t\t<div class=\"elementor-element elementor-element-a403119 animated-slow elementor-invisible elementor-widget elementor-widget-image\" data-id=\"a403119\" data-element_type=\"widget\" data-e-type=\"widget\" data-settings=\"{&quot;_animation&quot;:&quot;fadeIn&quot;}\" data-widget_type=\"image.default\">\n\t\t\t\t<div class=\"elementor-widget-container\">\n\t\t\t\t\t\t\t\t\t\t\t\t<figure class=\"wp-caption\">\n\t\t\t\t\t\t\t\t\t\t<img fetchpriority=\"high\" decoding=\"async\" width=\"1080\" height=\"720\" src=\"https:\/\/oroverde.gob.ar\/portal\/wp-content\/uploads\/2024\/05\/Cesar-scaled-1.jpg\" class=\"elementor-animation-float attachment-1536x1536 size-1536x1536 wp-image-527\" alt=\"\" srcset=\"https:\/\/oroverde.gob.ar\/portal\/wp-content\/uploads\/2024\/05\/Cesar-scaled-1.jpg 1080w, https:\/\/oroverde.gob.ar\/portal\/wp-content\/uploads\/2024\/05\/Cesar-scaled-1-300x200.jpg 300w, https:\/\/oroverde.gob.ar\/portal\/wp-content\/uploads\/2024\/05\/Cesar-scaled-1-1024x683.jpg 1024w, https:\/\/oroverde.gob.ar\/portal\/wp-content\/uploads\/2024\/05\/Cesar-scaled-1-768x512.jpg 768w, https:\/\/oroverde.gob.ar\/portal\/wp-content\/uploads\/2024\/05\/Cesar-scaled-1-535x357.jpg 535w, https:\/\/oroverde.gob.ar\/portal\/wp-content\/uploads\/2024\/05\/Cesar-scaled-1-815x543.jpg 815w, https:\/\/oroverde.gob.ar\/portal\/wp-content\/uploads\/2024\/05\/Cesar-scaled-1-800x533.jpg 800w, https:\/\/oroverde.gob.ar\/portal\/wp-content\/uploads\/2024\/05\/Cesar-scaled-1-512x341.jpg 512w\" sizes=\"(max-width: 1080px) 100vw, 1080px\" \/>\t\t\t\t\t\t\t\t\t\t\t<figcaption class=\"widget-image-caption wp-caption-text\">C\u00e8sar Clement - Intendente<\/figcaption>\n\t\t\t\t\t\t\t\t\t\t<\/figure>\n\t\t\t\t\t\t\t\t\t<\/div>\n\t\t\t\t<\/div>\n\t\t\t\t<\/div>\n\t\t<div class=\"elementor-element elementor-element-c9e5e5e e-con-full e-flex e-con e-child\" data-id=\"c9e5e5e\" data-element_type=\"container\" data-e-type=\"container\">\n\t\t\t\t<div class=\"elementor-element elementor-element-9fd98ca animated-slow elementor-invisible elementor-widget elementor-widget-image\" data-id=\"9fd98ca\" data-element_type=\"widget\" data-e-type=\"widget\" data-settings=\"{&quot;_animation&quot;:&quot;fadeIn&quot;}\" data-widget_type=\"image.default\">\n\t\t\t\t<div class=\"elementor-widget-container\">\n\t\t\t\t\t\t\t\t\t\t\t\t<figure class=\"wp-caption\">\n\t\t\t\t\t\t\t\t\t\t<img decoding=\"async\" width=\"1022\" height=\"711\" data-src=\"https:\/\/oroverde.gob.ar\/portal\/wp-content\/uploads\/2024\/06\/WhatsApp-Image-2023-12-12-at-12.26.06.jpeg\" class=\"elementor-animation-float attachment-1536x1536 size-1536x1536 wp-image-691 lazyload\" alt=\"\" data-srcset=\"https:\/\/oroverde.gob.ar\/portal\/wp-content\/uploads\/2024\/06\/WhatsApp-Image-2023-12-12-at-12.26.06.jpeg 1022w, https:\/\/oroverde.gob.ar\/portal\/wp-content\/uploads\/2024\/06\/WhatsApp-Image-2023-12-12-at-12.26.06-300x209.jpeg 300w, https:\/\/oroverde.gob.ar\/portal\/wp-content\/uploads\/2024\/06\/WhatsApp-Image-2023-12-12-at-12.26.06-768x534.jpeg 768w, https:\/\/oroverde.gob.ar\/portal\/wp-content\/uploads\/2024\/06\/WhatsApp-Image-2023-12-12-at-12.26.06-535x372.jpeg 535w, https:\/\/oroverde.gob.ar\/portal\/wp-content\/uploads\/2024\/06\/WhatsApp-Image-2023-12-12-at-12.26.06-815x567.jpeg 815w, https:\/\/oroverde.gob.ar\/portal\/wp-content\/uploads\/2024\/06\/WhatsApp-Image-2023-12-12-at-12.26.06-800x557.jpeg 800w, https:\/\/oroverde.gob.ar\/portal\/wp-content\/uploads\/2024\/06\/WhatsApp-Image-2023-12-12-at-12.26.06-512x356.jpeg 512w\" data-sizes=\"(max-width: 1022px) 100vw, 1022px\" src=\"data:image\/svg+xml;base64,PHN2ZyB3aWR0aD0iMSIgaGVpZ2h0PSIxIiB4bWxucz0iaHR0cDovL3d3dy53My5vcmcvMjAwMC9zdmciPjwvc3ZnPg==\" style=\"--smush-placeholder-width: 1022px; --smush-placeholder-aspect-ratio: 1022\/711;\" \/>\t\t\t\t\t\t\t\t\t\t\t<figcaption class=\"widget-image-caption wp-caption-text\">Mercedes Schvindt - ViceIntendenta<\/figcaption>\n\t\t\t\t\t\t\t\t\t\t<\/figure>\n\t\t\t\t\t\t\t\t\t<\/div>\n\t\t\t\t<\/div>\n\t\t\t\t<\/div>\n\t\t\t\t\t<\/div>\n\t\t\t\t<\/div>\n\t\t<div class=\"elementor-element elementor-element-05e379f e-con-full e-flex e-con e-parent\" data-id=\"05e379f\" data-element_type=\"container\" data-e-type=\"container\">\n\t\t<div class=\"elementor-element elementor-element-7466336 e-con-full e-flex e-con e-child\" data-id=\"7466336\" data-element_type=\"container\" data-e-type=\"container\">\n\t\t\t\t<div class=\"elementor-element elementor-element-4c0253a elementor-drop-cap-yes elementor-drop-cap-view-default elementor-widget elementor-widget-text-editor\" data-id=\"4c0253a\" data-element_type=\"widget\" data-e-type=\"widget\" data-settings=\"{&quot;drop_cap&quot;:&quot;yes&quot;}\" data-widget_type=\"text-editor.default\">\n\t\t\t\t<div class=\"elementor-widget-container\">\n\t\t\t\t\t\t\t\t\t<p><span style=\"font-family: 'trebuchet ms', geneva, sans-serif; font-size: 12pt;\">El Municipio de Oro Verde nace formalmente un 22 de julio de 1987, mediante el decreto provincial N\u00ba 3934. En cuanto a las personas que guiaron los destinos del pueblo, Carlos Del Castillo perteneciente a la Uni\u00f3n C\u00edvica Radical, quien gobern\u00f3 hasta 2005, cuando falleci\u00f3. El mandato que dej\u00f3 fue completado por Carlos Schmidt hasta el 2007. Ese a\u00f1o, asumi\u00f3 el gobierno la Uni\u00f3n Vecinal Oro Verde, de la mano de Jos\u00e9 Luis Dum\u00e9, que fue presidente municipal por tres mandatos consecutivos hasta 2019. Continuando su gesti\u00f3n de la intendencia Oscar Toledo, hasta el a\u00f1o 2023.<\/span><\/p><p><span style=\"font-family: 'trebuchet ms', geneva, sans-serif; font-size: 12pt;\">En la actualidad, el presidente municipal es C\u00e9sar Clement, perteneciente tambi\u00e9n a la Uni\u00f3n Vecinal por el per\u00edodo 2023-2027.<\/span><\/p>\t\t\t\t\t\t\t\t<\/div>\n\t\t\t\t<\/div>\n\t\t\t\t<\/div>\n\t\t<div class=\"elementor-element elementor-element-8988ddf e-con-full e-flex e-con e-child\" data-id=\"8988ddf\" data-element_type=\"container\" data-e-type=\"container\">\n\t\t\t\t<div class=\"elementor-element elementor-element-a91cf24 elementor-drop-cap-yes elementor-drop-cap-view-default elementor-widget elementor-widget-text-editor\" data-id=\"a91cf24\" data-element_type=\"widget\" data-e-type=\"widget\" data-settings=\"{&quot;drop_cap&quot;:&quot;yes&quot;}\" data-widget_type=\"text-editor.default\">\n\t\t\t\t<div class=\"elementor-widget-container\">\n\t\t\t\t\t\t\t\t\t<p><span style=\"font-size: 12pt; font-family: 'trebuchet ms', geneva, sans-serif;\">Desde 2011 pas\u00f3 a conformarse como Municipalidad y cuenta con un Concejo Deliberante integrado por siete concejales.<\/span><\/p><p><span style=\"font-size: 12pt; font-family: 'trebuchet ms', geneva, sans-serif;\">El poder ejecutivo de Oro Verde es ejercido por el Presidente Municipal, elegido por votaci\u00f3n popular cada cuatro a\u00f1os. El poder legislativo est\u00e1 a cargo del Concejo Deliberante, presidido por el Vicepresidente Municipal y conformado por 7 ediles. <\/span><\/p><p>\u00a0<\/p><p><span style=\"font-size: 12pt; font-family: 'trebuchet ms', geneva, sans-serif;\">El poder judicial est\u00e1 representado por un Juzgado de Paz, con competencia en el Departamento Paran\u00e1 y dependiente del Superior Tribunal de Justicia de la Provincia de Entre R\u00edos.<\/span><\/p>\t\t\t\t\t\t\t\t<\/div>\n\t\t\t\t<\/div>\n\t\t\t\t<\/div>\n\t\t\t\t<\/div>\n\t\t<div class=\"elementor-element elementor-element-57f0331 e-flex e-con-boxed e-con e-parent\" data-id=\"57f0331\" data-element_type=\"container\" data-e-type=\"container\">\n\t\t\t\t\t<div class=\"e-con-inner\">\n\t\t\t\t<div class=\"elementor-element elementor-element-c08fd57 elementor-widget elementor-widget-spacer\" data-id=\"c08fd57\" data-element_type=\"widget\" data-e-type=\"widget\" data-widget_type=\"spacer.default\">\n\t\t\t\t<div class=\"elementor-widget-container\">\n\t\t\t\t\t\t\t<div class=\"elementor-spacer\">\n\t\t\t<div class=\"elementor-spacer-inner\"><\/div>\n\t\t<\/div>\n\t\t\t\t\t\t<\/div>\n\t\t\t\t<\/div>\n\t\t\t\t\t<\/div>\n\t\t\t\t<\/div>\n\t\t<div class=\"elementor-element elementor-element-a73a1f1 e-flex e-con-boxed e-con e-parent\" data-id=\"a73a1f1\" data-element_type=\"container\" data-e-type=\"container\">\n\t\t\t\t\t<div class=\"e-con-inner\">\n\t\t<div class=\"elementor-element elementor-element-5bf2a01 e-con-full e-flex e-con e-child\" data-id=\"5bf2a01\" data-element_type=\"container\" data-e-type=\"container\">\n\t\t\t\t<div class=\"elementor-element elementor-element-662e433 elementor-widget elementor-widget-text-editor\" data-id=\"662e433\" data-element_type=\"widget\" data-e-type=\"widget\" data-widget_type=\"text-editor.default\">\n\t\t\t\t<div class=\"elementor-widget-container\">\n\t\t\t\t\t\t\t\t\t<p><strong><span style=\"color: #ff6600;\">BLOQUE<\/span><\/strong> &#8212; <em>UNI\u00d3N VECIONAL ORO VERDE<\/em><\/p>\t\t\t\t\t\t\t\t<\/div>\n\t\t\t\t<\/div>\n\t\t\t\t<\/div>\n\t\t\t\t\t<\/div>\n\t\t\t\t<\/div>\n\t\t<div class=\"elementor-element elementor-element-d2169fd e-con-full e-flex e-con e-parent\" data-id=\"d2169fd\" data-element_type=\"container\" data-e-type=\"container\">\n\t\t<div class=\"elementor-element elementor-element-4be9c98 e-flex e-con-boxed e-con e-child\" data-id=\"4be9c98\" data-element_type=\"container\" data-e-type=\"container\">\n\t\t\t\t\t<div class=\"e-con-inner\">\n\t\t<div class=\"elementor-element elementor-element-c4dc5eb e-con-full e-flex e-con e-child\" data-id=\"c4dc5eb\" data-element_type=\"container\" data-e-type=\"container\">\n\t\t\t\t<div class=\"elementor-element elementor-element-b0ecbc7 elementor-widget elementor-widget-image\" data-id=\"b0ecbc7\" data-element_type=\"widget\" data-e-type=\"widget\" data-widget_type=\"image.default\">\n\t\t\t\t<div class=\"elementor-widget-container\">\n\t\t\t\t\t\t\t\t\t\t\t\t<figure class=\"wp-caption\">\n\t\t\t\t\t\t\t\t\t\t<img decoding=\"async\" width=\"871\" height=\"1024\" data-src=\"https:\/\/oroverde.gob.ar\/portal\/wp-content\/uploads\/2024\/06\/DSC0103-871x1024.jpg\" class=\"attachment-large size-large wp-image-712 lazyload\" alt=\"\" data-srcset=\"https:\/\/oroverde.gob.ar\/portal\/wp-content\/uploads\/2024\/06\/DSC0103-871x1024.jpg 871w, https:\/\/oroverde.gob.ar\/portal\/wp-content\/uploads\/2024\/06\/DSC0103-255x300.jpg 255w, https:\/\/oroverde.gob.ar\/portal\/wp-content\/uploads\/2024\/06\/DSC0103-768x903.jpg 768w, https:\/\/oroverde.gob.ar\/portal\/wp-content\/uploads\/2024\/06\/DSC0103-1306x1536.jpg 1306w, https:\/\/oroverde.gob.ar\/portal\/wp-content\/uploads\/2024\/06\/DSC0103-1741x2048.jpg 1741w, https:\/\/oroverde.gob.ar\/portal\/wp-content\/uploads\/2024\/06\/DSC0103-535x629.jpg 535w, https:\/\/oroverde.gob.ar\/portal\/wp-content\/uploads\/2024\/06\/DSC0103-815x958.jpg 815w, https:\/\/oroverde.gob.ar\/portal\/wp-content\/uploads\/2024\/06\/DSC0103-680x800.jpg 680w, https:\/\/oroverde.gob.ar\/portal\/wp-content\/uploads\/2024\/06\/DSC0103-512x602.jpg 512w\" data-sizes=\"(max-width: 871px) 100vw, 871px\" src=\"data:image\/svg+xml;base64,PHN2ZyB3aWR0aD0iMSIgaGVpZ2h0PSIxIiB4bWxucz0iaHR0cDovL3d3dy53My5vcmcvMjAwMC9zdmciPjwvc3ZnPg==\" style=\"--smush-placeholder-width: 871px; --smush-placeholder-aspect-ratio: 871\/1024;\" \/>\t\t\t\t\t\t\t\t\t\t\t<figcaption class=\"widget-image-caption wp-caption-text\">Oscar Ocampo<\/figcaption>\n\t\t\t\t\t\t\t\t\t\t<\/figure>\n\t\t\t\t\t\t\t\t\t<\/div>\n\t\t\t\t<\/div>\n\t\t\t\t<\/div>\n\t\t<div class=\"elementor-element elementor-element-8ac41bf e-con-full e-flex e-con e-child\" data-id=\"8ac41bf\" data-element_type=\"container\" data-e-type=\"container\">\n\t\t\t\t<div class=\"elementor-element elementor-element-bc893b0 elementor-widget elementor-widget-image\" data-id=\"bc893b0\" data-element_type=\"widget\" data-e-type=\"widget\" data-widget_type=\"image.default\">\n\t\t\t\t<div class=\"elementor-widget-container\">\n\t\t\t\t\t\t\t\t\t\t\t\t<figure class=\"wp-caption\">\n\t\t\t\t\t\t\t\t\t\t<img decoding=\"async\" width=\"818\" height=\"1024\" data-src=\"https:\/\/oroverde.gob.ar\/portal\/wp-content\/uploads\/2024\/06\/DSC0081-818x1024.jpg\" class=\"attachment-large size-large wp-image-709 lazyload\" alt=\"\" data-srcset=\"https:\/\/oroverde.gob.ar\/portal\/wp-content\/uploads\/2024\/06\/DSC0081-818x1024.jpg 818w, https:\/\/oroverde.gob.ar\/portal\/wp-content\/uploads\/2024\/06\/DSC0081-240x300.jpg 240w, https:\/\/oroverde.gob.ar\/portal\/wp-content\/uploads\/2024\/06\/DSC0081-768x961.jpg 768w, https:\/\/oroverde.gob.ar\/portal\/wp-content\/uploads\/2024\/06\/DSC0081-1227x1536.jpg 1227w, https:\/\/oroverde.gob.ar\/portal\/wp-content\/uploads\/2024\/06\/DSC0081-1636x2048.jpg 1636w, https:\/\/oroverde.gob.ar\/portal\/wp-content\/uploads\/2024\/06\/DSC0081-535x670.jpg 535w, https:\/\/oroverde.gob.ar\/portal\/wp-content\/uploads\/2024\/06\/DSC0081-815x1020.jpg 815w, https:\/\/oroverde.gob.ar\/portal\/wp-content\/uploads\/2024\/06\/DSC0081-639x800.jpg 639w, https:\/\/oroverde.gob.ar\/portal\/wp-content\/uploads\/2024\/06\/DSC0081-512x641.jpg 512w, https:\/\/oroverde.gob.ar\/portal\/wp-content\/uploads\/2024\/06\/DSC0081-scaled.jpg 2045w\" data-sizes=\"(max-width: 818px) 100vw, 818px\" src=\"data:image\/svg+xml;base64,PHN2ZyB3aWR0aD0iMSIgaGVpZ2h0PSIxIiB4bWxucz0iaHR0cDovL3d3dy53My5vcmcvMjAwMC9zdmciPjwvc3ZnPg==\" style=\"--smush-placeholder-width: 818px; --smush-placeholder-aspect-ratio: 818\/1024;\" \/>\t\t\t\t\t\t\t\t\t\t\t<figcaption class=\"widget-image-caption wp-caption-text\">Amelia Gerstner<\/figcaption>\n\t\t\t\t\t\t\t\t\t\t<\/figure>\n\t\t\t\t\t\t\t\t\t<\/div>\n\t\t\t\t<\/div>\n\t\t\t\t<\/div>\n\t\t<div class=\"elementor-element elementor-element-026a206 e-con-full e-flex e-con e-child\" data-id=\"026a206\" data-element_type=\"container\" data-e-type=\"container\">\n\t\t\t\t<div class=\"elementor-element elementor-element-209c1f3 elementor-widget elementor-widget-image\" data-id=\"209c1f3\" data-element_type=\"widget\" data-e-type=\"widget\" data-widget_type=\"image.default\">\n\t\t\t\t<div class=\"elementor-widget-container\">\n\t\t\t\t\t\t\t\t\t\t\t\t<figure class=\"wp-caption\">\n\t\t\t\t\t\t\t\t\t\t<img decoding=\"async\" width=\"887\" height=\"1024\" data-src=\"https:\/\/oroverde.gob.ar\/portal\/wp-content\/uploads\/2024\/06\/DSC0068-887x1024.jpg\" class=\"attachment-large size-large wp-image-708 lazyload\" alt=\"\" data-srcset=\"https:\/\/oroverde.gob.ar\/portal\/wp-content\/uploads\/2024\/06\/DSC0068-887x1024.jpg 887w, https:\/\/oroverde.gob.ar\/portal\/wp-content\/uploads\/2024\/06\/DSC0068-260x300.jpg 260w, https:\/\/oroverde.gob.ar\/portal\/wp-content\/uploads\/2024\/06\/DSC0068-768x887.jpg 768w, https:\/\/oroverde.gob.ar\/portal\/wp-content\/uploads\/2024\/06\/DSC0068-1330x1536.jpg 1330w, https:\/\/oroverde.gob.ar\/portal\/wp-content\/uploads\/2024\/06\/DSC0068-1774x2048.jpg 1774w, https:\/\/oroverde.gob.ar\/portal\/wp-content\/uploads\/2024\/06\/DSC0068-535x618.jpg 535w, https:\/\/oroverde.gob.ar\/portal\/wp-content\/uploads\/2024\/06\/DSC0068-815x941.jpg 815w, https:\/\/oroverde.gob.ar\/portal\/wp-content\/uploads\/2024\/06\/DSC0068-693x800.jpg 693w, https:\/\/oroverde.gob.ar\/portal\/wp-content\/uploads\/2024\/06\/DSC0068-512x591.jpg 512w\" data-sizes=\"(max-width: 887px) 100vw, 887px\" src=\"data:image\/svg+xml;base64,PHN2ZyB3aWR0aD0iMSIgaGVpZ2h0PSIxIiB4bWxucz0iaHR0cDovL3d3dy53My5vcmcvMjAwMC9zdmciPjwvc3ZnPg==\" style=\"--smush-placeholder-width: 887px; --smush-placeholder-aspect-ratio: 887\/1024;\" \/>\t\t\t\t\t\t\t\t\t\t\t<figcaption class=\"widget-image-caption wp-caption-text\">Rosana Cappellacci<\/figcaption>\n\t\t\t\t\t\t\t\t\t\t<\/figure>\n\t\t\t\t\t\t\t\t\t<\/div>\n\t\t\t\t<\/div>\n\t\t\t\t<\/div>\n\t\t<div class=\"elementor-element elementor-element-6e23249 e-con-full e-flex e-con e-child\" data-id=\"6e23249\" data-element_type=\"container\" data-e-type=\"container\">\n\t\t\t\t<div class=\"elementor-element elementor-element-96bf11b elementor-widget elementor-widget-image\" data-id=\"96bf11b\" data-element_type=\"widget\" data-e-type=\"widget\" data-widget_type=\"image.default\">\n\t\t\t\t<div class=\"elementor-widget-container\">\n\t\t\t\t\t\t\t\t\t\t\t\t<figure class=\"wp-caption\">\n\t\t\t\t\t\t\t\t\t\t<img decoding=\"async\" width=\"862\" height=\"1024\" data-src=\"https:\/\/oroverde.gob.ar\/portal\/wp-content\/uploads\/2024\/06\/DSC0064-862x1024.jpg\" class=\"attachment-large size-large wp-image-706 lazyload\" alt=\"\" data-srcset=\"https:\/\/oroverde.gob.ar\/portal\/wp-content\/uploads\/2024\/06\/DSC0064-862x1024.jpg 862w, https:\/\/oroverde.gob.ar\/portal\/wp-content\/uploads\/2024\/06\/DSC0064-252x300.jpg 252w, https:\/\/oroverde.gob.ar\/portal\/wp-content\/uploads\/2024\/06\/DSC0064-768x912.jpg 768w, https:\/\/oroverde.gob.ar\/portal\/wp-content\/uploads\/2024\/06\/DSC0064-1293x1536.jpg 1293w, https:\/\/oroverde.gob.ar\/portal\/wp-content\/uploads\/2024\/06\/DSC0064-1724x2048.jpg 1724w, https:\/\/oroverde.gob.ar\/portal\/wp-content\/uploads\/2024\/06\/DSC0064-535x636.jpg 535w, https:\/\/oroverde.gob.ar\/portal\/wp-content\/uploads\/2024\/06\/DSC0064-815x968.jpg 815w, https:\/\/oroverde.gob.ar\/portal\/wp-content\/uploads\/2024\/06\/DSC0064-673x800.jpg 673w, https:\/\/oroverde.gob.ar\/portal\/wp-content\/uploads\/2024\/06\/DSC0064-512x608.jpg 512w\" data-sizes=\"(max-width: 862px) 100vw, 862px\" src=\"data:image\/svg+xml;base64,PHN2ZyB3aWR0aD0iMSIgaGVpZ2h0PSIxIiB4bWxucz0iaHR0cDovL3d3dy53My5vcmcvMjAwMC9zdmciPjwvc3ZnPg==\" style=\"--smush-placeholder-width: 862px; --smush-placeholder-aspect-ratio: 862\/1024;\" \/>\t\t\t\t\t\t\t\t\t\t\t<figcaption class=\"widget-image-caption wp-caption-text\">Ernesto Roth<\/figcaption>\n\t\t\t\t\t\t\t\t\t\t<\/figure>\n\t\t\t\t\t\t\t\t\t<\/div>\n\t\t\t\t<\/div>\n\t\t\t\t<\/div>\n\t\t\t\t\t<\/div>\n\t\t\t\t<\/div>\n\t\t\t\t<\/div>\n\t\t<div class=\"elementor-element elementor-element-44da4a4 e-flex e-con-boxed e-con e-parent\" data-id=\"44da4a4\" data-element_type=\"container\" data-e-type=\"container\">\n\t\t\t\t\t<div class=\"e-con-inner\">\n\t\t\t\t<div class=\"elementor-element elementor-element-089ded7 elementor-widget elementor-widget-text-editor\" data-id=\"089ded7\" data-element_type=\"widget\" data-e-type=\"widget\" data-widget_type=\"text-editor.default\">\n\t\t\t\t<div class=\"elementor-widget-container\">\n\t\t\t\t\t\t\t\t\t<p><strong><span style=\"color: #ff6600;\">BLOQUE<\/span><\/strong> &#8212; <em>JUNTOS POR EL CAMBIO ORO VERDE<\/em><\/p>\t\t\t\t\t\t\t\t<\/div>\n\t\t\t\t<\/div>\n\t\t\t\t\t<\/div>\n\t\t\t\t<\/div>\n\t\t<div class=\"elementor-element elementor-element-17ebbaa e-flex e-con-boxed e-con e-parent\" data-id=\"17ebbaa\" data-element_type=\"container\" data-e-type=\"container\">\n\t\t\t\t\t<div class=\"e-con-inner\">\n\t\t<div class=\"elementor-element elementor-element-5c29d60 e-con-full e-flex e-con e-child\" data-id=\"5c29d60\" data-element_type=\"container\" data-e-type=\"container\">\n\t\t\t\t<div class=\"elementor-element elementor-element-07f4109 elementor-widget elementor-widget-image\" data-id=\"07f4109\" data-element_type=\"widget\" data-e-type=\"widget\" data-widget_type=\"image.default\">\n\t\t\t\t<div class=\"elementor-widget-container\">\n\t\t\t\t\t\t\t\t\t\t\t\t<figure class=\"wp-caption\">\n\t\t\t\t\t\t\t\t\t\t<img decoding=\"async\" width=\"864\" height=\"1024\" data-src=\"https:\/\/oroverde.gob.ar\/portal\/wp-content\/uploads\/2024\/06\/DSC0091-864x1024.jpg\" class=\"attachment-large size-large wp-image-711 lazyload\" alt=\"\" data-srcset=\"https:\/\/oroverde.gob.ar\/portal\/wp-content\/uploads\/2024\/06\/DSC0091-864x1024.jpg 864w, https:\/\/oroverde.gob.ar\/portal\/wp-content\/uploads\/2024\/06\/DSC0091-253x300.jpg 253w, https:\/\/oroverde.gob.ar\/portal\/wp-content\/uploads\/2024\/06\/DSC0091-768x910.jpg 768w, https:\/\/oroverde.gob.ar\/portal\/wp-content\/uploads\/2024\/06\/DSC0091-1296x1536.jpg 1296w, https:\/\/oroverde.gob.ar\/portal\/wp-content\/uploads\/2024\/06\/DSC0091-1729x2048.jpg 1729w, https:\/\/oroverde.gob.ar\/portal\/wp-content\/uploads\/2024\/06\/DSC0091-535x634.jpg 535w, https:\/\/oroverde.gob.ar\/portal\/wp-content\/uploads\/2024\/06\/DSC0091-815x966.jpg 815w, https:\/\/oroverde.gob.ar\/portal\/wp-content\/uploads\/2024\/06\/DSC0091-675x800.jpg 675w, https:\/\/oroverde.gob.ar\/portal\/wp-content\/uploads\/2024\/06\/DSC0091-512x607.jpg 512w\" data-sizes=\"(max-width: 864px) 100vw, 864px\" src=\"data:image\/svg+xml;base64,PHN2ZyB3aWR0aD0iMSIgaGVpZ2h0PSIxIiB4bWxucz0iaHR0cDovL3d3dy53My5vcmcvMjAwMC9zdmciPjwvc3ZnPg==\" style=\"--smush-placeholder-width: 864px; --smush-placeholder-aspect-ratio: 864\/1024;\" \/>\t\t\t\t\t\t\t\t\t\t\t<figcaption class=\"widget-image-caption wp-caption-text\">Oscar Almir\u00f3n<\/figcaption>\n\t\t\t\t\t\t\t\t\t\t<\/figure>\n\t\t\t\t\t\t\t\t\t<\/div>\n\t\t\t\t<\/div>\n\t\t\t\t<\/div>\n\t\t<div class=\"elementor-element elementor-element-bd4481c e-con-full e-flex e-con e-child\" data-id=\"bd4481c\" data-element_type=\"container\" data-e-type=\"container\">\n\t\t\t\t<div class=\"elementor-element elementor-element-44c9a7f elementor-widget elementor-widget-image\" data-id=\"44c9a7f\" data-element_type=\"widget\" data-e-type=\"widget\" data-widget_type=\"image.default\">\n\t\t\t\t<div class=\"elementor-widget-container\">\n\t\t\t\t\t\t\t\t\t\t\t\t<figure class=\"wp-caption\">\n\t\t\t\t\t\t\t\t\t\t<img decoding=\"async\" width=\"805\" height=\"1024\" data-src=\"https:\/\/oroverde.gob.ar\/portal\/wp-content\/uploads\/2024\/06\/DSC0086-805x1024.jpg\" class=\"attachment-large size-large wp-image-710 lazyload\" alt=\"\" data-srcset=\"https:\/\/oroverde.gob.ar\/portal\/wp-content\/uploads\/2024\/06\/DSC0086-805x1024.jpg 805w, https:\/\/oroverde.gob.ar\/portal\/wp-content\/uploads\/2024\/06\/DSC0086-236x300.jpg 236w, https:\/\/oroverde.gob.ar\/portal\/wp-content\/uploads\/2024\/06\/DSC0086-768x977.jpg 768w, https:\/\/oroverde.gob.ar\/portal\/wp-content\/uploads\/2024\/06\/DSC0086-1207x1536.jpg 1207w, https:\/\/oroverde.gob.ar\/portal\/wp-content\/uploads\/2024\/06\/DSC0086-1610x2048.jpg 1610w, https:\/\/oroverde.gob.ar\/portal\/wp-content\/uploads\/2024\/06\/DSC0086-535x681.jpg 535w, https:\/\/oroverde.gob.ar\/portal\/wp-content\/uploads\/2024\/06\/DSC0086-815x1037.jpg 815w, https:\/\/oroverde.gob.ar\/portal\/wp-content\/uploads\/2024\/06\/DSC0086-629x800.jpg 629w, https:\/\/oroverde.gob.ar\/portal\/wp-content\/uploads\/2024\/06\/DSC0086-512x651.jpg 512w, https:\/\/oroverde.gob.ar\/portal\/wp-content\/uploads\/2024\/06\/DSC0086-scaled.jpg 2012w\" data-sizes=\"(max-width: 805px) 100vw, 805px\" src=\"data:image\/svg+xml;base64,PHN2ZyB3aWR0aD0iMSIgaGVpZ2h0PSIxIiB4bWxucz0iaHR0cDovL3d3dy53My5vcmcvMjAwMC9zdmciPjwvc3ZnPg==\" style=\"--smush-placeholder-width: 805px; --smush-placeholder-aspect-ratio: 805\/1024;\" \/>\t\t\t\t\t\t\t\t\t\t\t<figcaption class=\"widget-image-caption wp-caption-text\">Ver\u00f3nica Mi\u00f1o<\/figcaption>\n\t\t\t\t\t\t\t\t\t\t<\/figure>\n\t\t\t\t\t\t\t\t\t<\/div>\n\t\t\t\t<\/div>\n\t\t\t\t<\/div>\n\t\t<div class=\"elementor-element elementor-element-8ce216e e-con-full e-flex e-con e-child\" data-id=\"8ce216e\" data-element_type=\"container\" data-e-type=\"container\">\n\t\t\t\t<div class=\"elementor-element elementor-element-c03f781 elementor-widget elementor-widget-image\" data-id=\"c03f781\" data-element_type=\"widget\" data-e-type=\"widget\" data-widget_type=\"image.default\">\n\t\t\t\t<div class=\"elementor-widget-container\">\n\t\t\t\t\t\t\t\t\t\t\t\t<figure class=\"wp-caption\">\n\t\t\t\t\t\t\t\t\t\t<img decoding=\"async\" width=\"881\" height=\"1024\" data-src=\"https:\/\/oroverde.gob.ar\/portal\/wp-content\/uploads\/2024\/06\/DSC0117-1-881x1024.jpg\" class=\"attachment-large size-large wp-image-726 lazyload\" alt=\"\" data-srcset=\"https:\/\/oroverde.gob.ar\/portal\/wp-content\/uploads\/2024\/06\/DSC0117-1-881x1024.jpg 881w, https:\/\/oroverde.gob.ar\/portal\/wp-content\/uploads\/2024\/06\/DSC0117-1-258x300.jpg 258w, https:\/\/oroverde.gob.ar\/portal\/wp-content\/uploads\/2024\/06\/DSC0117-1-768x892.jpg 768w, https:\/\/oroverde.gob.ar\/portal\/wp-content\/uploads\/2024\/06\/DSC0117-1-1322x1536.jpg 1322w, https:\/\/oroverde.gob.ar\/portal\/wp-content\/uploads\/2024\/06\/DSC0117-1-1763x2048.jpg 1763w, https:\/\/oroverde.gob.ar\/portal\/wp-content\/uploads\/2024\/06\/DSC0117-1-535x622.jpg 535w, https:\/\/oroverde.gob.ar\/portal\/wp-content\/uploads\/2024\/06\/DSC0117-1-815x947.jpg 815w, https:\/\/oroverde.gob.ar\/portal\/wp-content\/uploads\/2024\/06\/DSC0117-1-689x800.jpg 689w, https:\/\/oroverde.gob.ar\/portal\/wp-content\/uploads\/2024\/06\/DSC0117-1-512x595.jpg 512w\" data-sizes=\"(max-width: 881px) 100vw, 881px\" src=\"data:image\/svg+xml;base64,PHN2ZyB3aWR0aD0iMSIgaGVpZ2h0PSIxIiB4bWxucz0iaHR0cDovL3d3dy53My5vcmcvMjAwMC9zdmciPjwvc3ZnPg==\" style=\"--smush-placeholder-width: 881px; --smush-placeholder-aspect-ratio: 881\/1024;\" \/>\t\t\t\t\t\t\t\t\t\t\t<figcaption class=\"widget-image-caption wp-caption-text\">Horacio Unrein<\/figcaption>\n\t\t\t\t\t\t\t\t\t\t<\/figure>\n\t\t\t\t\t\t\t\t\t<\/div>\n\t\t\t\t<\/div>\n\t\t\t\t<\/div>\n\t\t<div class=\"elementor-element elementor-element-8a536f8 e-con-full e-flex e-con e-child\" data-id=\"8a536f8\" data-element_type=\"container\" data-e-type=\"container\">\n\t\t\t\t<\/div>\n\t\t\t\t\t<\/div>\n\t\t\t\t<\/div>\n\t\t\t\t<\/div>\n\t\t","protected":false},"excerpt":{"rendered":"<p>C\u00e8sar Clement &#8211; Intendente Mercedes Schvindt &#8211; ViceIntendenta El Municipio de Oro Verde nace formalmente un 22 de julio de 1987, mediante el decreto provincial N\u00ba 3934. En cuanto a las personas que guiaron los destinos del pueblo, Carlos Del Castillo perteneciente a &hellip;<\/p>\n","protected":false},"author":1,"featured_media":200,"parent":0,"menu_order":0,"comment_status":"closed","ping_status":"closed","template":"elementor_header_footer","meta":{"footnotes":""},"class_list":["post-690","page","type-page","status-publish","has-post-thumbnail","hentry"],"yoast_head":"<!-- This site is optimized with the Yoast SEO plugin v27.5 - https:\/\/yoast.com\/product\/yoast-seo-wordpress\/ -->\n<title>Autoridades - Municipio de Oro Verde<\/title>\n<meta name=\"robots\" content=\"index, follow, max-snippet:-1, max-image-preview:large, max-video-preview:-1\" \/>\n<link rel=\"canonical\" href=\"https:\/\/oroverde.gob.ar\/portal\/autoridades\/\" \/>\n<meta property=\"og:locale\" content=\"es_ES\" \/>\n<meta property=\"og:type\" content=\"article\" \/>\n<meta property=\"og:title\" content=\"Autoridades - Municipio de Oro Verde\" \/>\n<meta property=\"og:description\" content=\"C\u00e8sar Clement &#8211; Intendente Mercedes Schvindt &#8211; ViceIntendenta El Municipio de Oro Verde nace formalmente un 22 de julio de 1987, mediante el decreto provincial N\u00ba 3934. En cuanto a las personas que guiaron los destinos del pueblo, Carlos Del Castillo perteneciente a &hellip;\" \/>\n<meta property=\"og:url\" content=\"https:\/\/oroverde.gob.ar\/portal\/autoridades\/\" \/>\n<meta property=\"og:site_name\" content=\"Municipio de Oro Verde\" \/>\n<meta property=\"article:modified_time\" content=\"2025-03-19T14:13:56+00:00\" \/>\n<meta property=\"og:image\" content=\"https:\/\/oroverde.gob.ar\/portal\/wp-content\/uploads\/2024\/05\/muni-2.jpg\" \/>\n\t<meta property=\"og:image:width\" content=\"1080\" \/>\n\t<meta property=\"og:image:height\" content=\"810\" \/>\n\t<meta property=\"og:image:type\" content=\"image\/jpeg\" \/>\n<meta name=\"twitter:card\" content=\"summary_large_image\" \/>\n<meta name=\"twitter:label1\" content=\"Tiempo de lectura\" \/>\n\t<meta name=\"twitter:data1\" content=\"4 minutos\" \/>\n<script type=\"application\/ld+json\" class=\"yoast-schema-graph\">{\"@context\":\"https:\\\/\\\/schema.org\",\"@graph\":[{\"@type\":\"WebPage\",\"@id\":\"https:\\\/\\\/oroverde.gob.ar\\\/portal\\\/autoridades\\\/\",\"url\":\"https:\\\/\\\/oroverde.gob.ar\\\/portal\\\/autoridades\\\/\",\"name\":\"Autoridades - Municipio de Oro Verde\",\"isPartOf\":{\"@id\":\"https:\\\/\\\/oroverde.gob.ar\\\/portal\\\/#website\"},\"primaryImageOfPage\":{\"@id\":\"https:\\\/\\\/oroverde.gob.ar\\\/portal\\\/autoridades\\\/#primaryimage\"},\"image\":{\"@id\":\"https:\\\/\\\/oroverde.gob.ar\\\/portal\\\/autoridades\\\/#primaryimage\"},\"thumbnailUrl\":\"https:\\\/\\\/oroverde.gob.ar\\\/portal\\\/wp-content\\\/uploads\\\/2024\\\/05\\\/muni-2.jpg\",\"datePublished\":\"2024-06-06T11:12:45+00:00\",\"dateModified\":\"2025-03-19T14:13:56+00:00\",\"breadcrumb\":{\"@id\":\"https:\\\/\\\/oroverde.gob.ar\\\/portal\\\/autoridades\\\/#breadcrumb\"},\"inLanguage\":\"es\",\"potentialAction\":[{\"@type\":\"ReadAction\",\"target\":[\"https:\\\/\\\/oroverde.gob.ar\\\/portal\\\/autoridades\\\/\"]}]},{\"@type\":\"ImageObject\",\"inLanguage\":\"es\",\"@id\":\"https:\\\/\\\/oroverde.gob.ar\\\/portal\\\/autoridades\\\/#primaryimage\",\"url\":\"https:\\\/\\\/oroverde.gob.ar\\\/portal\\\/wp-content\\\/uploads\\\/2024\\\/05\\\/muni-2.jpg\",\"contentUrl\":\"https:\\\/\\\/oroverde.gob.ar\\\/portal\\\/wp-content\\\/uploads\\\/2024\\\/05\\\/muni-2.jpg\",\"width\":1080,\"height\":810},{\"@type\":\"BreadcrumbList\",\"@id\":\"https:\\\/\\\/oroverde.gob.ar\\\/portal\\\/autoridades\\\/#breadcrumb\",\"itemListElement\":[{\"@type\":\"ListItem\",\"position\":1,\"name\":\"Portada\",\"item\":\"https:\\\/\\\/oroverde.gob.ar\\\/portal\\\/\"},{\"@type\":\"ListItem\",\"position\":2,\"name\":\"Autoridades\"}]},{\"@type\":\"WebSite\",\"@id\":\"https:\\\/\\\/oroverde.gob.ar\\\/portal\\\/#website\",\"url\":\"https:\\\/\\\/oroverde.gob.ar\\\/portal\\\/\",\"name\":\"Municipio de Oro Verde\",\"description\":\"Web Oficial\",\"publisher\":{\"@id\":\"https:\\\/\\\/oroverde.gob.ar\\\/portal\\\/#organization\"},\"potentialAction\":[{\"@type\":\"SearchAction\",\"target\":{\"@type\":\"EntryPoint\",\"urlTemplate\":\"https:\\\/\\\/oroverde.gob.ar\\\/portal\\\/?s={search_term_string}\"},\"query-input\":{\"@type\":\"PropertyValueSpecification\",\"valueRequired\":true,\"valueName\":\"search_term_string\"}}],\"inLanguage\":\"es\"},{\"@type\":\"Organization\",\"@id\":\"https:\\\/\\\/oroverde.gob.ar\\\/portal\\\/#organization\",\"name\":\"Municipio de Oro Verde\",\"url\":\"https:\\\/\\\/oroverde.gob.ar\\\/portal\\\/\",\"logo\":{\"@type\":\"ImageObject\",\"inLanguage\":\"es\",\"@id\":\"https:\\\/\\\/oroverde.gob.ar\\\/portal\\\/#\\\/schema\\\/logo\\\/image\\\/\",\"url\":\"https:\\\/\\\/oroverde.gob.ar\\\/portal\\\/wp-content\\\/uploads\\\/2024\\\/06\\\/cropped-cropped-logo-1.png\",\"contentUrl\":\"https:\\\/\\\/oroverde.gob.ar\\\/portal\\\/wp-content\\\/uploads\\\/2024\\\/06\\\/cropped-cropped-logo-1.png\",\"width\":1776,\"height\":738,\"caption\":\"Municipio de Oro Verde\"},\"image\":{\"@id\":\"https:\\\/\\\/oroverde.gob.ar\\\/portal\\\/#\\\/schema\\\/logo\\\/image\\\/\"}}]}<\/script>\n<!-- \/ Yoast SEO plugin. -->","yoast_head_json":{"title":"Autoridades - Municipio de Oro Verde","robots":{"index":"index","follow":"follow","max-snippet":"max-snippet:-1","max-image-preview":"max-image-preview:large","max-video-preview":"max-video-preview:-1"},"canonical":"https:\/\/oroverde.gob.ar\/portal\/autoridades\/","og_locale":"es_ES","og_type":"article","og_title":"Autoridades - Municipio de Oro Verde","og_description":"C\u00e8sar Clement &#8211; Intendente Mercedes Schvindt &#8211; ViceIntendenta El Municipio de Oro Verde nace formalmente un 22 de julio de 1987, mediante el decreto provincial N\u00ba 3934. En cuanto a las personas que guiaron los destinos del pueblo, Carlos Del Castillo perteneciente a &hellip;","og_url":"https:\/\/oroverde.gob.ar\/portal\/autoridades\/","og_site_name":"Municipio de Oro Verde","article_modified_time":"2025-03-19T14:13:56+00:00","og_image":[{"width":1080,"height":810,"url":"https:\/\/oroverde.gob.ar\/portal\/wp-content\/uploads\/2024\/05\/muni-2.jpg","type":"image\/jpeg"}],"twitter_card":"summary_large_image","twitter_misc":{"Tiempo de lectura":"4 minutos"},"schema":{"@context":"https:\/\/schema.org","@graph":[{"@type":"WebPage","@id":"https:\/\/oroverde.gob.ar\/portal\/autoridades\/","url":"https:\/\/oroverde.gob.ar\/portal\/autoridades\/","name":"Autoridades - Municipio de Oro Verde","isPartOf":{"@id":"https:\/\/oroverde.gob.ar\/portal\/#website"},"primaryImageOfPage":{"@id":"https:\/\/oroverde.gob.ar\/portal\/autoridades\/#primaryimage"},"image":{"@id":"https:\/\/oroverde.gob.ar\/portal\/autoridades\/#primaryimage"},"thumbnailUrl":"https:\/\/oroverde.gob.ar\/portal\/wp-content\/uploads\/2024\/05\/muni-2.jpg","datePublished":"2024-06-06T11:12:45+00:00","dateModified":"2025-03-19T14:13:56+00:00","breadcrumb":{"@id":"https:\/\/oroverde.gob.ar\/portal\/autoridades\/#breadcrumb"},"inLanguage":"es","potentialAction":[{"@type":"ReadAction","target":["https:\/\/oroverde.gob.ar\/portal\/autoridades\/"]}]},{"@type":"ImageObject","inLanguage":"es","@id":"https:\/\/oroverde.gob.ar\/portal\/autoridades\/#primaryimage","url":"https:\/\/oroverde.gob.ar\/portal\/wp-content\/uploads\/2024\/05\/muni-2.jpg","contentUrl":"https:\/\/oroverde.gob.ar\/portal\/wp-content\/uploads\/2024\/05\/muni-2.jpg","width":1080,"height":810},{"@type":"BreadcrumbList","@id":"https:\/\/oroverde.gob.ar\/portal\/autoridades\/#breadcrumb","itemListElement":[{"@type":"ListItem","position":1,"name":"Portada","item":"https:\/\/oroverde.gob.ar\/portal\/"},{"@type":"ListItem","position":2,"name":"Autoridades"}]},{"@type":"WebSite","@id":"https:\/\/oroverde.gob.ar\/portal\/#website","url":"https:\/\/oroverde.gob.ar\/portal\/","name":"Municipio de Oro Verde","description":"Web Oficial","publisher":{"@id":"https:\/\/oroverde.gob.ar\/portal\/#organization"},"potentialAction":[{"@type":"SearchAction","target":{"@type":"EntryPoint","urlTemplate":"https:\/\/oroverde.gob.ar\/portal\/?s={search_term_string}"},"query-input":{"@type":"PropertyValueSpecification","valueRequired":true,"valueName":"search_term_string"}}],"inLanguage":"es"},{"@type":"Organization","@id":"https:\/\/oroverde.gob.ar\/portal\/#organization","name":"Municipio de Oro Verde","url":"https:\/\/oroverde.gob.ar\/portal\/","logo":{"@type":"ImageObject","inLanguage":"es","@id":"https:\/\/oroverde.gob.ar\/portal\/#\/schema\/logo\/image\/","url":"https:\/\/oroverde.gob.ar\/portal\/wp-content\/uploads\/2024\/06\/cropped-cropped-logo-1.png","contentUrl":"https:\/\/oroverde.gob.ar\/portal\/wp-content\/uploads\/2024\/06\/cropped-cropped-logo-1.png","width":1776,"height":738,"caption":"Municipio de Oro Verde"},"image":{"@id":"https:\/\/oroverde.gob.ar\/portal\/#\/schema\/logo\/image\/"}}]}},"_links":{"self":[{"href":"https:\/\/oroverde.gob.ar\/portal\/wp-json\/wp\/v2\/pages\/690","targetHints":{"allow":["GET"]}}],"collection":[{"href":"https:\/\/oroverde.gob.ar\/portal\/wp-json\/wp\/v2\/pages"}],"about":[{"href":"https:\/\/oroverde.gob.ar\/portal\/wp-json\/wp\/v2\/types\/page"}],"author":[{"embeddable":true,"href":"https:\/\/oroverde.gob.ar\/portal\/wp-json\/wp\/v2\/users\/1"}],"replies":[{"embeddable":true,"href":"https:\/\/oroverde.gob.ar\/portal\/wp-json\/wp\/v2\/comments?post=690"}],"version-history":[{"count":105,"href":"https:\/\/oroverde.gob.ar\/portal\/wp-json\/wp\/v2\/pages\/690\/revisions"}],"predecessor-version":[{"id":5560,"href":"https:\/\/oroverde.gob.ar\/portal\/wp-json\/wp\/v2\/pages\/690\/revisions\/5560"}],"wp:featuredmedia":[{"embeddable":true,"href":"https:\/\/oroverde.gob.ar\/portal\/wp-json\/wp\/v2\/media\/200"}],"wp:attachment":[{"href":"https:\/\/oroverde.gob.ar\/portal\/wp-json\/wp\/v2\/media?parent=690"}],"curies":[{"name":"wp","href":"https:\/\/api.w.org\/{rel}","templated":true}]}}